{"id":226043,"date":"2024-10-24T14:20:44","date_gmt":"2024-10-24T12:20:44","guid":{"rendered":"https:\/\/minirate.ch\/?post_type=product&#038;p=226043"},"modified":"2024-10-24T14:20:46","modified_gmt":"2024-10-24T12:20:46","slug":"acer-notebook-aspire-vero-16-av16-51p-71r2-ultra-7-32gb-1tb","status":"publish","type":"product","link":"https:\/\/minirate.ch\/de\/p\/acer-notebook-aspire-vero-16-av16-51p-71r2-ultra-7-32gb-1tb\/","title":{"rendered":"Acer Notebook Aspire Vero 16 AV16-51P-71R2 (Ultra 7, 32GB, 1TB)"},"content":{"rendered":"<p>Das Aspire Vero 16, das \u00fcber den gesamten Lebenszyklus1 CO2-neutral bleibt, hat ein Chassis aus mehr als 60 % recyceltem Kunststoff und ist damit mehr als nur ein Notebook. Es ist ein mutiger Schritt nach vorne, mit dem wir unsere Sichtweise auf die Technik \u00fcberdenken, umgestalten und revolutionieren.<\/p>\n<p><b>Ja, die R- und E-Taste sind verkehrt herum bedruckt.<\/b><br \/>\nDas ist Absicht. Wir m\u00f6chten Sie daran erinnern, dass Ihr Ger\u00e4t auch im digitalen Zeitalter f\u00fcr Nachhaltigkeit steht. Mit der lack- und VOC-freien Oberfl\u00e4che und dem Touchpad aus wiederverwerteten Ozeankunststoffen schl\u00e4gt das Aspire Vero nahtlos die Br\u00fccke zwischen Design und umweltbewusster Innovation.<\/p>\n<p><b>Recyceltes Material<\/b><br \/>\nPCR-Kunststoffe entstehen bei der Umwandlung gebrauchter Kunststoffe in frische, innovative Materialien. Das Aspire Vero 16 setzt mit der Verwendung von \u00fcber 60 % PCR-Kunststoffen einen \u00f6kologischen Meilenstein \u2013 mehr als doppelt so viel wie beim urspr\u00fcnglichen 2021er Vero.<\/p>\n<p><b>F\u00fcr CO2-Neutralit\u00e4t<\/b><br \/>\nDas Aspire Vero 16 bleibt \u00fcber den gesamten Lebenszyklus1 klimaneutral, indem die berechnete negative CO2-Bilanz ausgeglichen wird. Hinterlassen Sie einen positiven Fu\u00dfabdruck, der zu Ihren Nachhaltigkeitszielen beitr\u00e4gt. W\u00e4hlen Sie ein Ger\u00e4t, das f\u00fcr das Leben auf unserem Planeten steht.<\/p>\n<p><b>Rustikaler Charme, moderne Faszination<\/b><br \/>\nDas \u00c4u\u00dfere der Aspire Vero 16-Ger\u00e4te verk\u00f6rpert eine nat\u00fcrlich beruhigende \u00c4sthetik. Die Oberfl\u00e4che ist glatt und frei von Mica-Additiven, setzt Unvollkommenheiten jedoch mit einem warmen, zement\u00e4hnlichen Relief bewusst in Szene und sticht damit aus der Masse hervor.<\/p>\n<p><b>100 % recycelbare Verpackung<\/b><br \/>\nNachhaltig auspacken mit umweltbewussten Verpackungen, die zu 100 % recycelbar sind. Hergestellt aus recyceltem Karton und Zellstoff, bedruckt mit umweltbewussten Farben auf FSC-zertifiziertem Papier. Eine clevere Wahl zum Schutz unseres Planeten \u2013 von der Verpackung bis zum Ger\u00e4t.<\/p>\n<p><b>Minimieren Sie Ihre Auswirkungen<\/b><br \/>\nWenn es an der Zeit ist, minimieren Sie Ihre Umweltauswirkungen mit einem zuk\u00fcnftigen Upgrade und \u00f6ffnen Sie das Geh\u00e4use ganz einfach mit einem normalen Schraubendreher. Und wenn das Aspire Vero 16 das Ende seiner Nutzungsdauer erreicht hat, recyceln Sie es \u00fcber das Netzwerk lokaler Partner von Acer.<\/p>\n<p><b>Umweltbewusste Innovation ohne Kompromisse<\/b><br \/>\nDie Wahl eines umweltbewussten Ger\u00e4ts wie Aspire Vero 16 bedeutet nicht, dass Sie auf Leistung verzichten m\u00fcssen. Mit dem energieeffizienten Intel\u00ae Core\u2122 Ultra 7 Prozessor2 mit Intel\u00ae AI-Boost k\u00f6nnen Sie sich ganz auf Ihre Aufgabe konzentrieren.<\/p>\n<p><b>Copilot in Windows<\/b><br \/>\nSchaffen Sie mehr, arbeiten Sie schneller als je zuvor \u2013 mit der zentralisierten, generativen AI-Unterst\u00fctzung von Copilot in Windows 11.3 Zugriff auf Knopfdruck mit der Copilot-Taste.<\/p>\n<p><b>Acer PurifiedView\u2122<\/b><br \/>\nPowered by Intel\u00ae AI-Boost. Erleben Sie automatisches Framing, erweitertes Verwischen des Hintergrunds und Blick-Korrektur f\u00fcr A-optimierte Videoanrufe, w\u00e4hrend Acer TNR f\u00fcr ein sch\u00e4rferes Bild bei schlechten Lichtverh\u00e4ltnissen sorgt.<\/p>\n<p><b>AI-Rauschunterdr\u00fcckung Acer PurifiedVoice\u2122<\/b><br \/>\nAcer PurifiedVoice\u2122 nutzt AI-Algorithmen zur Erkennung und Unterdr\u00fcckung unerw\u00fcnschter Hintergrundger\u00e4usche und erm\u00f6glicht eine klare, st\u00f6rungsfreie Audiowiedergabe f\u00fcr ein angenehmes Kommunikationserlebnis.<\/p>\n<p><b>Makelloses Erscheinungsbild<\/b><br \/>\nDas brillante 16-Zoll-Display des Aspire Vero hat ein Seitenverh\u00e4ltnis von 16:10 und einen d\u00fcnnen Rahmen, der ein h\u00f6heres Bildschirm-zu-Geh\u00e4use-Verh\u00e4ltnis erreicht und 100 % des sRGB-Farbraums abdeckt. Erh\u00e4ltlich mit Touch4- oder Non-Touch-Display f\u00fcr ein au\u00dfergew\u00f6hnliches visuelles Erlebnis.<\/p>\n<p><b>Individuell an Ihren Lebensstil angepasst<\/b><br \/>\nErleben Sie die Intel\u00ae Evo\u2122 Edition und die Freiheit von bis zu 10.5 Stunden Akkulaufzeit5 mit nur einer Akkuladung \u2013 dank dem praktischen Schnellladevorgang \u00fcber USB-C. Das Aspire Vero 16 ist zudem sehr robust dank Milit\u00e4rstandard MIL-STD-810H und l\u00e4sst sich mit USB-C per Schnellladevorgang blitzschnell wieder aufladen.<\/p>\n<p><b>Der ultimative Premium-PC<\/b><br \/>\nDie Notebooks der Intel\u00ae Evo\u2122 Edition zeichnen sich aus durch \u00fcberragende Leistung, Reaktionsschnelligkeit und lange Akkulaufzeit f\u00fcr ein ultimatives Premium-PC-Erlebnis.6<\/p>\n<p><b>Nahtlose ger\u00e4te\u00fcbergreifende Interaktion<\/b><br \/>\nIntel\u00ae Unison\u2122 vereint all Ihre Ger\u00e4te und schafft ein integriertes Erlebnis mit neuen Funktionen wie Swift Connect, erweitertem Bildschirm, universeller Steuerung und vielem mehr.<\/p>\n<p><b>Gr\u00fcne Power<\/b><br \/>\nMit einem Geh\u00e4use, das zu \u00fcber 60 % aus PCR-Kunststoffen besteht und den Anforderungen von MIL-STD-810H-Standards gerecht wird, ist das Aspire Vero 16 widerstandsf\u00e4hig gegen Verschlei\u00df und umweltbewusst zugleich.<\/p>\n<p><b>Konnektivit\u00e4t<\/b><br \/>\nDank Wi-Fi 7-Kompatibilit\u00e4t7, Bluetooth LE Audio, HDMI 2.1 und doppeltem USB-C-Anschluss (Thunderbolt 4\/USB 4) k\u00f6nnen Sie standortunabh\u00e4ngig streamen, teilen und komfortabel arbeiten.<\/p>\n<p><b>Optimierte Zusammenarbeit<\/b><br \/>\nEine QHD-Webcam mit 1440 Pixeln, Sichtschutzblende und um 15 % d\u00fcnneren8 Profil verbessert Ihre Teamarbeit unterwegs. Mit der benutzerfreundlichen AcerSense\u2122-App verwalten Sie au\u00dferdem Ihre AI-gest\u00fctzten Teamarbeits-Tools und vieles mehr.<\/p>\n<p><b>Fortschritt mit Kunststoff<\/b><br \/>\nDurch unsere Partnerschaft mit Plastic Bank unterst\u00fctzen wir 2024 die Sammlung von 50 Tonnen Kunststoffabfall, die sonst die Meere verschmutzen w\u00fcrden. Das entspricht 2,5 Millionen Flaschen9 und schafft neue Chancen f\u00fcr bed\u00fcrftige Gemeinden.<\/p>\n<h2>Scheda tecnica<\/h2><div class=\"card-columns\">\r\n<div class=\"card features-group\">\r\n<div class=\"card-body\">\r\n<h4>Prozessor<\/h4>\r\n<div class=\"d-flex justify-content-between feature\"><label>Prozessorfamilie:<\/label> <span class=\"value\">Intel Core Ultra 7<\/span><\/div>\r\n<div class=\"d-flex justify-content-between feature\"><label>Prozessorhersteller:<\/label> <span class=\"value\">Intel<\/span><\/div>\r\n<div class=\"d-flex justify-content-between feature\"><label>Prozessor:<\/label> <span class=\"value\">155U<\/span><\/div>\r\n<div class=\"d-flex justify-content-between feature\"><label>Prozessorgeneration:<\/label> <span class=\"value\">Intel Core Ultra (Serie 1)<\/span><\/div>\r\n<div class=\"d-flex justify-content-between feature\"><label>Anzahl Prozessorkerne:<\/label> <span class=\"value\">12<\/span><\/div>\r\n<div class=\"d-flex justify-content-between feature\"><label>Prozessor-Threads:<\/label> <span class=\"value\">14<\/span><\/div>\r\n<div class=\"d-flex justify-content-between feature\"><label>Prozessor Boost-Frequenz:<\/label> <span class=\"value\">4,8 GHz<\/span><\/div>\r\n<div class=\"d-flex justify-content-between feature\"><label>Leistungskerne:<\/label> <span class=\"value\">2<\/span><\/div>\r\n<div class=\"d-flex justify-content-between feature\"><label>Effiziente Kerne:<\/label> <span class=\"value\">8<\/span><\/div>\r\n<div class=\"d-flex justify-content-between feature\"><label>Low Power Efficient-Core:<\/label> <span class=\"value\">2<\/span><\/div>\r\n<div class=\"d-flex justify-content-between feature\"><label>Leistungskern maximale Turbofrequenz:<\/label> <span class=\"value\">4,8 GHz<\/span><\/div>\r\n<div class=\"d-flex justify-content-between feature\"><label>Effizienter Kern maximale Turbofrequenz:<\/label> <span class=\"value\">3,8 GHz<\/span><\/div>\r\n<div class=\"d-flex justify-content-between feature\"><label>Low Power Efficient-Core maximale Turbofrequenz:<\/label> <span class=\"value\">2,1 GHz<\/span><\/div>\r\n<div class=\"d-flex justify-content-between feature\"><label>Leistung Basisfrequenz des Kerns:<\/label> <span class=\"value\">1,7 GHz<\/span><\/div>\r\n<div class=\"d-flex justify-content-between feature\"><label>Effiziente Basisfrequenz des Kerns:<\/label> <span class=\"value\">1,2 GHz<\/span><\/div>\r\n<div class=\"d-flex justify-content-between feature\"><label>Low Power Efficient-Core Basisfrequenz:<\/label> <span class=\"value\">700 MHz<\/span><\/div>\r\n<div class=\"d-flex justify-content-between feature\"><label>Prozessor-Cache:<\/label> <span class=\"value\">12 MB<\/span><\/div>\r\n<div class=\"d-flex justify-content-between feature\"><label>Prozessor Cache Typ:<\/label> <span class=\"value\">Smart Cache<\/span><\/div>\r\n<div class=\"d-flex justify-content-between feature\"><label>Grundleistung des Prozessors:<\/label> <span class=\"value\">15 W<\/span><\/div>\r\n<div class=\"d-flex justify-content-between feature\"><label>Maximale Turboleistung:<\/label> <span class=\"value\">57 W<\/span><\/div>\r\n<\/div>\r\n<\/div>\r\n<div class=\"card features-group\">\r\n<div class=\"card-body\">\r\n<h4>Speicher<\/h4>\r\n<div class=\"d-flex justify-content-between feature\"><label>Speicherkapazit\u00e4t:<\/label> <span class=\"value\">32 GB<\/span><\/div>\r\n<div class=\"d-flex justify-content-between feature\"><label>Interner Speichertyp:<\/label> <span class=\"value\">LPDDR5x-SDRAM<\/span><\/div>\r\n<\/div>\r\n<\/div>\r\n<div class=\"card features-group\">\r\n<div class=\"card-body\">\r\n<h4>Bildschirm<\/h4>\r\n<div class=\"d-flex justify-content-between feature\"><label>Bildschirmdiagonale:<\/label> <span class=\"value\">40,6 cm (16\")<\/span><\/div>\r\n<div class=\"d-flex justify-content-between feature\"><label>Display-Aufl\u00f6sung:<\/label> <span class=\"value\">1920 x 1200 Pixel<\/span><\/div>\r\n<div class=\"d-flex justify-content-between feature\"><label>Touchscreen:<\/label> <span class=\"value\">Nein<\/span><\/div>\r\n<div class=\"d-flex justify-content-between feature\"><label>HD-Typ:<\/label> <span class=\"value\">WUXGA<\/span><\/div>\r\n<div class=\"d-flex justify-content-between feature\"><label>Panel-Typ:<\/label> <span class=\"value\">IPS<\/span><\/div>\r\n<div class=\"d-flex justify-content-between feature\"><label>Marketingname Displaytechnologie:<\/label> <span class=\"value\">ComfyView<\/span><\/div>\r\n<div class=\"d-flex justify-content-between feature\"><label>LED-Hintergrundbeleuchtung:<\/label> <span class=\"value\">Ja<\/span><\/div>\r\n<div class=\"d-flex justify-content-between feature\"><label>Natives Seitenverh\u00e4ltnis:<\/label> <span class=\"value\">16:10<\/span><\/div>\r\n<div class=\"d-flex justify-content-between feature\"><label>Display-Oberfl\u00e4che:<\/label> <span class=\"value\">Matt<\/span><\/div>\r\n<div class=\"d-flex justify-content-between feature\"><label>Maximale Bildwiederholrate:<\/label> <span class=\"value\">60 Hz<\/span><\/div>\r\n<\/div>\r\n<\/div>\r\n<div class=\"card features-group\">\r\n<div class=\"card-body\">\r\n<h4>Audio<\/h4>\r\n<div class=\"d-flex justify-content-between feature\"><label>Eingebautes Mikrofon:<\/label> <span class=\"value\">Ja<\/span><\/div>\r\n<\/div>\r\n<\/div>\r\n<div class=\"card features-group\">\r\n<div class=\"card-body\">\r\n<h4>Anschl\u00fcsse und Schnittstellen<\/h4>\r\n<div class=\"d-flex justify-content-between feature\"><label>USB 3.2 Gen 1 (3.1 Gen 1) Anzahl der Anschl\u00fcsse vom Typ A:<\/label> <span class=\"value\">2<\/span><\/div>\r\n<div class=\"d-flex justify-content-between feature\"><label>Anzahl HDMI-Anschl\u00fcsse:<\/label> <span class=\"value\">1<\/span><\/div>\r\n<div class=\"d-flex justify-content-between feature\"><label>USB 3.2 Gen 2 (3.1 Gen 2) Anzahl der Anschl\u00fcsse vom Typ C:<\/label> <span class=\"value\">2<\/span><\/div>\r\n<div class=\"d-flex justify-content-between feature\"><label>Anzahl Ethernet-LAN-Anschl\u00fcsse (RJ-45):<\/label> <span class=\"value\">1<\/span><\/div>\r\n<div class=\"d-flex justify-content-between feature\"><label>Kombinierter Kopfh\u00f6rer-\/Mikrofon-Anschluss:<\/label> <span class=\"value\">Ja<\/span><\/div>\r\n<\/div>\r\n<\/div>\r\n<div class=\"card features-group\">\r\n<div class=\"card-body\">\r\n<h4>Gewicht und Abmessungen<\/h4>\r\n<div class=\"d-flex justify-content-between feature\"><label>Gewicht:<\/label> <span class=\"value\">1,8 kg<\/span><\/div>\r\n<div class=\"d-flex justify-content-between feature\"><label>Breite:<\/label> <span class=\"value\">359,5 mm<\/span><\/div>\r\n<div class=\"d-flex justify-content-between feature\"><label>Tiefe:<\/label> <span class=\"value\">247 mm<\/span><\/div>\r\n<div class=\"d-flex justify-content-between feature\"><label>H\u00f6he:<\/label> <span class=\"value\">16,6 mm<\/span><\/div>\r\n<\/div>\r\n<\/div>\r\n<div class=\"card features-group\">\r\n<div class=\"card-body\">\r\n<h4>Energie<\/h4>\r\n<div class=\"d-flex justify-content-between feature\"><label>Netzteilst\u00e4rke:<\/label> <span class=\"value\">65 W<\/span><\/div>\r\n<\/div>\r\n<\/div>\r\n<div class=\"card features-group\">\r\n<div class=\"card-body\">\r\n<h4>Tastatur<\/h4>\r\n<div class=\"d-flex justify-content-between feature\"><label>Numerisches Keypad:<\/label> <span class=\"value\">Ja<\/span><\/div>\r\n<div class=\"d-flex justify-content-between feature\"><label>Eingabeger\u00e4t:<\/label> <span class=\"value\">Touchpad<\/span><\/div>\r\n<div class=\"d-flex justify-content-between feature\"><label>Tastatur mit Hintergrundbeleuchtung:<\/label> <span class=\"value\">Ja<\/span><\/div>\r\n<div class=\"d-flex justify-content-between feature\"><label>Farbe der Tastaturhintergrundbeleuchtung:<\/label> <span class=\"value\">Wei\u00df<\/span><\/div>\r\n<div class=\"d-flex justify-content-between feature\"><label>Copilotentaste:<\/label> <span class=\"value\">Ja<\/span><\/div>\r\n<\/div>\r\n<\/div>\r\n<div class=\"card features-group\">\r\n<div class=\"card-body\">\r\n<h4>Netzwerk<\/h4>\r\n<div class=\"d-flex justify-content-between feature\"><label>Mobile Netzwerkverbindung:<\/label> <span class=\"value\">Nein<\/span><\/div>\r\n<div class=\"d-flex justify-content-between feature\"><label>Top WLAN-Standard:<\/label> <span class=\"value\">Wi-Fi 6 (802.11ax)<\/span><\/div>\r\n<div class=\"d-flex justify-content-between feature\"><label>WLAN-Standards:<\/label> <span class=\"value\">Wi-Fi 6 (802.11ax)<\/span><\/div>\r\n<div class=\"d-flex justify-content-between feature\"><label>Antennentyp:<\/label> <span class=\"value\">2x2<\/span><\/div>\r\n<div class=\"d-flex justify-content-between feature\"><label>Ethernet\/LAN:<\/label> <span class=\"value\">Ja<\/span><\/div>\r\n<div class=\"d-flex justify-content-between feature\"><label>Ethernet LAN Datentransferraten:<\/label> <span class=\"value\">10,100,1000 Mbit\/s<\/span><\/div>\r\n<div class=\"d-flex justify-content-between feature\"><label>Bluetooth:<\/label> <span class=\"value\">Ja<\/span><\/div>\r\n<\/div>\r\n<\/div>\r\n<div class=\"card features-group\">\r\n<div class=\"card-body\">\r\n<h4>Speichermedium<\/h4>\r\n<div class=\"d-flex justify-content-between feature\"><label>Gesamtspeicherkapazit\u00e4t:<\/label> <span class=\"value\">2 TB<\/span><\/div>\r\n<div class=\"d-flex justify-content-between feature\"><label>Speichermedien:<\/label> <span class=\"value\">SSD<\/span><\/div>\r\n<div class=\"d-flex justify-content-between feature\"><label>Optisches Laufwerk - Typ:<\/label> <span class=\"value\">Nein<\/span><\/div>\r\n<div class=\"d-flex justify-content-between feature\"><label>Gesamtkapazit\u00e4t der SSDs:<\/label> <span class=\"value\">2 TB<\/span><\/div>\r\n<div class=\"d-flex justify-content-between feature\"><label>Anzahl SSD installiert:<\/label> <span class=\"value\">1<\/span><\/div>\r\n<div class=\"d-flex justify-content-between feature\"><label>SSD Speicherkapazit\u00e4t:<\/label> <span class=\"value\">2 TB<\/span><\/div>\r\n<div class=\"d-flex justify-content-between feature\"><label>SSD Schnittstelle:<\/label> <span class=\"value\">PCI Express 4.0<\/span><\/div>\r\n<div class=\"d-flex justify-content-between feature\"><label>NVMe:<\/label> <span class=\"value\">Ja<\/span><\/div>\r\n<div class=\"d-flex justify-content-between feature\"><label>SSD-Formfaktor:<\/label> <span class=\"value\">M.2<\/span><\/div>\r\n<div class=\"d-flex justify-content-between feature\"><label>Integrierter Kartenleser:<\/label> <span class=\"value\">Nein<\/span><\/div>\r\n<\/div>\r\n<\/div>\r\n<div class=\"card features-group\">\r\n<div class=\"card-body\">\r\n<h4>Sicherheit<\/h4>\r\n<div class=\"d-flex justify-content-between feature\"><label>Fingerabdruckscanner:<\/label> <span class=\"value\">Ja<\/span><\/div>\r\n<\/div>\r\n<\/div>\r\n<div class=\"card features-group\">\r\n<div class=\"card-body\">\r\n<h4>Software<\/h4>\r\n<div class=\"d-flex justify-content-between feature\"><label>Installiertes Betriebssystem:<\/label> <span class=\"value\">Windows 11 Home<\/span><\/div>\r\n<div class=\"d-flex justify-content-between feature\"><label>Betriebssystemarchitektur:<\/label> <span class=\"value\">64-Bit<\/span><\/div>\r\n<\/div>\r\n<\/div>\r\n<div class=\"card features-group\">\r\n<div class=\"card-body\">\r\n<h4>Kamera<\/h4>\r\n<div class=\"d-flex justify-content-between feature\"><label>Frontkamera:<\/label> <span class=\"value\">Ja<\/span><\/div>\r\n<\/div>\r\n<\/div>\r\n<div class=\"card features-group\">\r\n<div class=\"card-body\">\r\n<h4>Lieferumfang<\/h4>\r\n<div class=\"d-flex justify-content-between feature\"><label>Mitgelieferte Kabel:<\/label> <span class=\"value\">AC<\/span><\/div>\r\n<\/div>\r\n<\/div>\r\n<div class=\"card features-group\">\r\n<div class=\"card-body\">\r\n<h4>Akku\/Batterie<\/h4>\r\n<div class=\"d-flex justify-content-between feature\"><label>Batteriekapazit\u00e4t:<\/label> <span class=\"value\">65 Wh<\/span><\/div>\r\n<div class=\"d-flex justify-content-between feature\"><label>Akku-\/Batterietechnologie:<\/label> <span class=\"value\">Lithium-Ion (Li-Ion)<\/span><\/div>\r\n<div class=\"d-flex justify-content-between feature\"><label>Akku-\/Batteriebetriebsdauer:<\/label> <span class=\"value\">18,5 h<\/span><\/div>\r\n<\/div>\r\n<\/div>\r\n<div class=\"card features-group\">\r\n<div class=\"card-body\">\r\n<h4>Design<\/h4>\r\n<div class=\"d-flex justify-content-between feature\"><label>Produkttyp:<\/label> <span class=\"value\">Laptop<\/span><\/div>\r\n<div class=\"d-flex justify-content-between feature\"><label>Produktfarbe:<\/label> <span class=\"value\">Silber<\/span><\/div>\r\n<div class=\"d-flex justify-content-between feature\"><label>Formfaktor:<\/label> <span class=\"value\">Klappgeh\u00e4use<\/span><\/div>\r\n<\/div>\r\n<\/div>\r\n<div class=\"card features-group\">\r\n<div class=\"card-body\">\r\n<h4>Grafik<\/h4>\r\n<div class=\"d-flex justify-content-between feature\"><label>Eingebaute Grafikadapter:<\/label> <span class=\"value\">Ja<\/span><\/div>\r\n<div class=\"d-flex justify-content-between feature\"><label>Separater Grafikadapter:<\/label> <span class=\"value\">Nein<\/span><\/div>\r\n<div class=\"d-flex justify-content-between feature\"><label>Separates Grafikkartenmodell:<\/label> <span class=\"value\">Nicht verf\u00fcgbar<\/span><\/div>\r\n<div class=\"d-flex justify-content-between feature\"><label>Eingebautes Grafikkartenmodell:<\/label> <span class=\"value\">Intel Graphics<\/span><\/div>\r\n<div class=\"d-flex justify-content-between feature\"><label>Hersteller der eingebauten GPU:<\/label> <span class=\"value\">Intel<\/span><\/div>\r\n<div class=\"d-flex justify-content-between feature\"><label>On-Board-Grafikadapterfamilie:<\/label> <span class=\"value\">Intel Graphics<\/span><\/div>\r\n<\/div>\r\n<\/div>\r\n<div class=\"card features-group\">\r\n<div class=\"card-body\">\r\n<h4>Neuronale Prozessoreinheit (NPU)<\/h4>\r\n<div class=\"d-flex justify-content-between feature\"><label>Neuronale Prozessoreinheit (NPU):<\/label> <span class=\"value\">Intel AI Boost<\/span><\/div>\r\n<div class=\"d-flex justify-content-between feature\"><label>H\u00f6chstfrequenz NPU:<\/label> <span class=\"value\">1,4 GHz<\/span><\/div>\r\n<div class=\"d-flex justify-content-between feature\"><label>Seltenheitsunterst\u00fctzung:<\/label> <span class=\"value\">Ja<\/span><\/div>\r\n<div class=\"d-flex justify-content-between feature\"><label>Unterst\u00fctzung f\u00fcr Windows Studio-Effekte:<\/label> <span class=\"value\">Ja<\/span><\/div>\r\n<div class=\"d-flex justify-content-between feature\"><label>Von der NPU unterst\u00fctzte AI-Software-Frameworks:<\/label> <span class=\"value\">DirectML, ONNX RT, OpenVINO, Windows ML<\/span><\/div>\r\n<\/div>\r\n<\/div>\r\n<\/div>","protected":false},"excerpt":{"rendered":"<ul class=\"bullet-points\">\n<li>Windows 11 Home 64-bit<\/li>\n<li>Intel Core Ultra 7 155U (12MB Cache)<\/li>\n<li>40.6 cm (16&#8243;) WUXGA 1920 x 1200 IPS<\/li>\n<li>32GB LPDDR5x-SDRAM &amp; 2000GB SSD<\/li>\n<\/ul>\n","protected":false},"featured_media":226023,"template":"","meta":[],"product_brand":[],"product_cat":[725,568],"product_tag":[],"woo-feed-brand":[],"class_list":["post-226043","product","type-product","status-publish","has-post-thumbnail","ic_product_brand-acer","product_cat-verschiedene-marken","product_cat-notebooks-laptops-ratenzahlung","first","outofstock","shipping-taxable","purchasable","product-type-simple"],"yoast_head":"<!-- This site is optimized with the Yoast SEO plugin v28.2 - https:\/\/yoast.com\/product\/yoast-seo-wordpress\/ -->\n<title>Acer Notebook Aspire Vero 16 AV16-51P-71R2 (Ultra 7, 32GB, 1TB) - Ratenzahlung \ud83d\udd3d<\/title>\n<meta name=\"description\" content=\"Bester Preis in Raten f\u00fcr Acer Notebook Aspire Vero 16 AV16-51P-71R2 (Ultra 7, 32GB, 1TB) 0% Zinsen - sofortige Online-Best\u00e4tigung \u2b50\u2b50\u2b50\u2b50\u2b50\" \/>\n<meta name=\"robots\" content=\"index, follow, max-snippet:-1, max-image-preview:large, max-video-preview:-1\" \/>\n<link rel=\"canonical\" href=\"https:\/\/minirate.ch\/de\/p\/acer-notebook-aspire-vero-16-av16-51p-71r2-ultra-7-32gb-1tb\/\" \/>\n<meta property=\"og:locale\" content=\"de_DE\" \/>\n<meta property=\"og:type\" content=\"article\" \/>\n<meta property=\"og:title\" content=\"Acer Notebook Aspire Vero 16 AV16-51P-71R2 (Ultra 7, 32GB, 1TB) - Ratenzahlung \ud83d\udd3d\" \/>\n<meta property=\"og:description\" content=\"Bester Preis in Raten f\u00fcr Acer Notebook Aspire Vero 16 AV16-51P-71R2 (Ultra 7, 32GB, 1TB) 0% Zinsen - sofortige Online-Best\u00e4tigung \u2b50\u2b50\u2b50\u2b50\u2b50\" \/>\n<meta property=\"og:url\" content=\"https:\/\/minirate.ch\/de\/p\/acer-notebook-aspire-vero-16-av16-51p-71r2-ultra-7-32gb-1tb\/\" \/>\n<meta property=\"og:site_name\" content=\"MINIRATE\" \/>\n<meta property=\"article:publisher\" content=\"https:\/\/www.facebook.com\/minirate.ch\/\" \/>\n<meta property=\"article:modified_time\" content=\"2024-10-24T12:20:46+00:00\" \/>\n<meta property=\"og:image\" content=\"https:\/\/minirate.ch\/wp-content\/uploads\/icecat-images\/022b523721cf2d2a8096c05541b8d3dff68742d8.jpg\" \/>\n\t<meta property=\"og:image:width\" content=\"1600\" \/>\n\t<meta property=\"og:image:height\" content=\"852\" \/>\n\t<meta property=\"og:image:type\" content=\"image\/jpeg\" \/>\n<meta name=\"twitter:card\" content=\"summary_large_image\" \/>\n<script type=\"application\/ld+json\" class=\"yoast-schema-graph\">{\"@context\":\"https:\\\/\\\/schema.org\",\"@graph\":[{\"@type\":\"WebPage\",\"@id\":\"https:\\\/\\\/minirate.ch\\\/de\\\/p\\\/acer-notebook-aspire-vero-16-av16-51p-71r2-ultra-7-32gb-1tb\\\/\",\"url\":\"https:\\\/\\\/minirate.ch\\\/de\\\/p\\\/acer-notebook-aspire-vero-16-av16-51p-71r2-ultra-7-32gb-1tb\\\/\",\"name\":\"Acer Notebook Aspire Vero 16 AV16-51P-71R2 (Ultra 7, 32GB, 1TB) - Ratenzahlung \ud83d\udd3d\",\"isPartOf\":{\"@id\":\"https:\\\/\\\/minirate.ch\\\/de\\\/#website\"},\"primaryImageOfPage\":{\"@id\":\"https:\\\/\\\/minirate.ch\\\/de\\\/p\\\/acer-notebook-aspire-vero-16-av16-51p-71r2-ultra-7-32gb-1tb\\\/#primaryimage\"},\"image\":{\"@id\":\"https:\\\/\\\/minirate.ch\\\/de\\\/p\\\/acer-notebook-aspire-vero-16-av16-51p-71r2-ultra-7-32gb-1tb\\\/#primaryimage\"},\"thumbnailUrl\":\"https:\\\/\\\/minirate.ch\\\/wp-content\\\/uploads\\\/icecat-images\\\/022b523721cf2d2a8096c05541b8d3dff68742d8.jpg\",\"datePublished\":\"2024-10-24T12:20:44+00:00\",\"dateModified\":\"2024-10-24T12:20:46+00:00\",\"description\":\"Bester Preis in Raten f\u00fcr Acer Notebook Aspire Vero 16 AV16-51P-71R2 (Ultra 7, 32GB, 1TB) 0% Zinsen - sofortige Online-Best\u00e4tigung \u2b50\u2b50\u2b50\u2b50\u2b50\",\"breadcrumb\":{\"@id\":\"https:\\\/\\\/minirate.ch\\\/de\\\/p\\\/acer-notebook-aspire-vero-16-av16-51p-71r2-ultra-7-32gb-1tb\\\/#breadcrumb\"},\"inLanguage\":\"de\",\"potentialAction\":[{\"@type\":\"ReadAction\",\"target\":[\"https:\\\/\\\/minirate.ch\\\/de\\\/p\\\/acer-notebook-aspire-vero-16-av16-51p-71r2-ultra-7-32gb-1tb\\\/\"]}]},{\"@type\":\"ImageObject\",\"inLanguage\":\"de\",\"@id\":\"https:\\\/\\\/minirate.ch\\\/de\\\/p\\\/acer-notebook-aspire-vero-16-av16-51p-71r2-ultra-7-32gb-1tb\\\/#primaryimage\",\"url\":\"https:\\\/\\\/minirate.ch\\\/wp-content\\\/uploads\\\/icecat-images\\\/022b523721cf2d2a8096c05541b8d3dff68742d8.jpg\",\"contentUrl\":\"https:\\\/\\\/minirate.ch\\\/wp-content\\\/uploads\\\/icecat-images\\\/022b523721cf2d2a8096c05541b8d3dff68742d8.jpg\",\"width\":1600,\"height\":852},{\"@type\":\"BreadcrumbList\",\"@id\":\"https:\\\/\\\/minirate.ch\\\/de\\\/p\\\/acer-notebook-aspire-vero-16-av16-51p-71r2-ultra-7-32gb-1tb\\\/#breadcrumb\",\"itemListElement\":[{\"@type\":\"ListItem\",\"position\":1,\"name\":\"Home\",\"item\":\"https:\\\/\\\/minirate.ch\\\/de\\\/home\\\/\"},{\"@type\":\"ListItem\",\"position\":2,\"name\":\"Shop - DEU\",\"item\":\"https:\\\/\\\/minirate.ch\\\/de\\\/shop-deu\\\/\"},{\"@type\":\"ListItem\",\"position\":3,\"name\":\"Acer Notebook Aspire Vero 16 AV16-51P-71R2 (Ultra 7, 32GB, 1TB)\"}]},{\"@type\":\"WebSite\",\"@id\":\"https:\\\/\\\/minirate.ch\\\/de\\\/#website\",\"url\":\"https:\\\/\\\/minirate.ch\\\/de\\\/\",\"name\":\"Minirate\",\"description\":\"Die beste Technologie in Raten, f\u00fcr alle!\",\"publisher\":{\"@id\":\"https:\\\/\\\/minirate.ch\\\/de\\\/#organization\"},\"potentialAction\":[{\"@type\":\"SearchAction\",\"target\":{\"@type\":\"EntryPoint\",\"urlTemplate\":\"https:\\\/\\\/minirate.ch\\\/de\\\/?s={search_term_string}\"},\"query-input\":{\"@type\":\"PropertyValueSpecification\",\"valueRequired\":true,\"valueName\":\"search_term_string\"}}],\"inLanguage\":\"de\"},{\"@type\":\"Organization\",\"@id\":\"https:\\\/\\\/minirate.ch\\\/de\\\/#organization\",\"name\":\"Minirate\",\"url\":\"https:\\\/\\\/minirate.ch\\\/de\\\/\",\"logo\":{\"@type\":\"ImageObject\",\"inLanguage\":\"de\",\"@id\":\"https:\\\/\\\/minirate.ch\\\/de\\\/#\\\/schema\\\/logo\\\/image\\\/\",\"url\":\"https:\\\/\\\/minirate.ch\\\/wp-content\\\/uploads\\\/2023\\\/09\\\/MINIRATE-logo-2023.png\",\"contentUrl\":\"https:\\\/\\\/minirate.ch\\\/wp-content\\\/uploads\\\/2023\\\/09\\\/MINIRATE-logo-2023.png\",\"width\":400,\"height\":150,\"caption\":\"Minirate\"},\"image\":{\"@id\":\"https:\\\/\\\/minirate.ch\\\/de\\\/#\\\/schema\\\/logo\\\/image\\\/\"},\"sameAs\":[\"https:\\\/\\\/www.facebook.com\\\/minirate.ch\\\/\"]}]}<\/script>\n<!-- \/ Yoast SEO plugin. -->","yoast_head_json":{"title":"Acer Notebook Aspire Vero 16 AV16-51P-71R2 (Ultra 7, 32GB, 1TB) - Ratenzahlung \ud83d\udd3d","description":"Bester Preis in Raten f\u00fcr Acer Notebook Aspire Vero 16 AV16-51P-71R2 (Ultra 7, 32GB, 1TB) 0% Zinsen - sofortige Online-Best\u00e4tigung \u2b50\u2b50\u2b50\u2b50\u2b50","robots":{"index":"index","follow":"follow","max-snippet":"max-snippet:-1","max-image-preview":"max-image-preview:large","max-video-preview":"max-video-preview:-1"},"canonical":"https:\/\/minirate.ch\/de\/p\/acer-notebook-aspire-vero-16-av16-51p-71r2-ultra-7-32gb-1tb\/","og_locale":"de_DE","og_type":"article","og_title":"Acer Notebook Aspire Vero 16 AV16-51P-71R2 (Ultra 7, 32GB, 1TB) - Ratenzahlung \ud83d\udd3d","og_description":"Bester Preis in Raten f\u00fcr Acer Notebook Aspire Vero 16 AV16-51P-71R2 (Ultra 7, 32GB, 1TB) 0% Zinsen - sofortige Online-Best\u00e4tigung \u2b50\u2b50\u2b50\u2b50\u2b50","og_url":"https:\/\/minirate.ch\/de\/p\/acer-notebook-aspire-vero-16-av16-51p-71r2-ultra-7-32gb-1tb\/","og_site_name":"MINIRATE","article_publisher":"https:\/\/www.facebook.com\/minirate.ch\/","article_modified_time":"2024-10-24T12:20:46+00:00","og_image":[{"width":1600,"height":852,"url":"https:\/\/minirate.ch\/wp-content\/uploads\/icecat-images\/022b523721cf2d2a8096c05541b8d3dff68742d8.jpg","type":"image\/jpeg"}],"twitter_card":"summary_large_image","schema":{"@context":"https:\/\/schema.org","@graph":[{"@type":"WebPage","@id":"https:\/\/minirate.ch\/de\/p\/acer-notebook-aspire-vero-16-av16-51p-71r2-ultra-7-32gb-1tb\/","url":"https:\/\/minirate.ch\/de\/p\/acer-notebook-aspire-vero-16-av16-51p-71r2-ultra-7-32gb-1tb\/","name":"Acer Notebook Aspire Vero 16 AV16-51P-71R2 (Ultra 7, 32GB, 1TB) - Ratenzahlung \ud83d\udd3d","isPartOf":{"@id":"https:\/\/minirate.ch\/de\/#website"},"primaryImageOfPage":{"@id":"https:\/\/minirate.ch\/de\/p\/acer-notebook-aspire-vero-16-av16-51p-71r2-ultra-7-32gb-1tb\/#primaryimage"},"image":{"@id":"https:\/\/minirate.ch\/de\/p\/acer-notebook-aspire-vero-16-av16-51p-71r2-ultra-7-32gb-1tb\/#primaryimage"},"thumbnailUrl":"https:\/\/minirate.ch\/wp-content\/uploads\/icecat-images\/022b523721cf2d2a8096c05541b8d3dff68742d8.jpg","datePublished":"2024-10-24T12:20:44+00:00","dateModified":"2024-10-24T12:20:46+00:00","description":"Bester Preis in Raten f\u00fcr Acer Notebook Aspire Vero 16 AV16-51P-71R2 (Ultra 7, 32GB, 1TB) 0% Zinsen - sofortige Online-Best\u00e4tigung \u2b50\u2b50\u2b50\u2b50\u2b50","breadcrumb":{"@id":"https:\/\/minirate.ch\/de\/p\/acer-notebook-aspire-vero-16-av16-51p-71r2-ultra-7-32gb-1tb\/#breadcrumb"},"inLanguage":"de","potentialAction":[{"@type":"ReadAction","target":["https:\/\/minirate.ch\/de\/p\/acer-notebook-aspire-vero-16-av16-51p-71r2-ultra-7-32gb-1tb\/"]}]},{"@type":"ImageObject","inLanguage":"de","@id":"https:\/\/minirate.ch\/de\/p\/acer-notebook-aspire-vero-16-av16-51p-71r2-ultra-7-32gb-1tb\/#primaryimage","url":"https:\/\/minirate.ch\/wp-content\/uploads\/icecat-images\/022b523721cf2d2a8096c05541b8d3dff68742d8.jpg","contentUrl":"https:\/\/minirate.ch\/wp-content\/uploads\/icecat-images\/022b523721cf2d2a8096c05541b8d3dff68742d8.jpg","width":1600,"height":852},{"@type":"BreadcrumbList","@id":"https:\/\/minirate.ch\/de\/p\/acer-notebook-aspire-vero-16-av16-51p-71r2-ultra-7-32gb-1tb\/#breadcrumb","itemListElement":[{"@type":"ListItem","position":1,"name":"Home","item":"https:\/\/minirate.ch\/de\/home\/"},{"@type":"ListItem","position":2,"name":"Shop - DEU","item":"https:\/\/minirate.ch\/de\/shop-deu\/"},{"@type":"ListItem","position":3,"name":"Acer Notebook Aspire Vero 16 AV16-51P-71R2 (Ultra 7, 32GB, 1TB)"}]},{"@type":"WebSite","@id":"https:\/\/minirate.ch\/de\/#website","url":"https:\/\/minirate.ch\/de\/","name":"Minirate","description":"Die beste Technologie in Raten, f\u00fcr alle!","publisher":{"@id":"https:\/\/minirate.ch\/de\/#organization"},"potentialAction":[{"@type":"SearchAction","target":{"@type":"EntryPoint","urlTemplate":"https:\/\/minirate.ch\/de\/?s={search_term_string}"},"query-input":{"@type":"PropertyValueSpecification","valueRequired":true,"valueName":"search_term_string"}}],"inLanguage":"de"},{"@type":"Organization","@id":"https:\/\/minirate.ch\/de\/#organization","name":"Minirate","url":"https:\/\/minirate.ch\/de\/","logo":{"@type":"ImageObject","inLanguage":"de","@id":"https:\/\/minirate.ch\/de\/#\/schema\/logo\/image\/","url":"https:\/\/minirate.ch\/wp-content\/uploads\/2023\/09\/MINIRATE-logo-2023.png","contentUrl":"https:\/\/minirate.ch\/wp-content\/uploads\/2023\/09\/MINIRATE-logo-2023.png","width":400,"height":150,"caption":"Minirate"},"image":{"@id":"https:\/\/minirate.ch\/de\/#\/schema\/logo\/image\/"},"sameAs":["https:\/\/www.facebook.com\/minirate.ch\/"]}]}},"_links":{"self":[{"href":"https:\/\/minirate.ch\/de\/wp-json\/wp\/v2\/product\/226043","targetHints":{"allow":["GET"]}}],"collection":[{"href":"https:\/\/minirate.ch\/de\/wp-json\/wp\/v2\/product"}],"about":[{"href":"https:\/\/minirate.ch\/de\/wp-json\/wp\/v2\/types\/product"}],"wp:featuredmedia":[{"embeddable":true,"href":"https:\/\/minirate.ch\/de\/wp-json\/wp\/v2\/media\/226023"}],"wp:attachment":[{"href":"https:\/\/minirate.ch\/de\/wp-json\/wp\/v2\/media?parent=226043"}],"wp:term":[{"taxonomy":"product_brand","embeddable":true,"href":"https:\/\/minirate.ch\/de\/wp-json\/wp\/v2\/product_brand?post=226043"},{"taxonomy":"product_cat","embeddable":true,"href":"https:\/\/minirate.ch\/de\/wp-json\/wp\/v2\/product_cat?post=226043"},{"taxonomy":"product_tag","embeddable":true,"href":"https:\/\/minirate.ch\/de\/wp-json\/wp\/v2\/product_tag?post=226043"},{"taxonomy":"woo-feed-brand","embeddable":true,"href":"https:\/\/minirate.ch\/de\/wp-json\/wp\/v2\/woo-feed-brand?post=226043"}],"curies":[{"name":"wp","href":"https:\/\/api.w.org\/{rel}","templated":true}]}}