{"id":351716,"date":"2026-07-20T14:49:57","date_gmt":"2026-07-20T12:49:57","guid":{"rendered":"https:\/\/minirate.ch\/?post_type=product&#038;p=351716"},"modified":"2026-07-20T14:49:58","modified_gmt":"2026-07-20T12:49:58","slug":"microsoft-surface-laptop-13-business-u5-16gb-512gb-gray","status":"publish","type":"product","link":"https:\/\/minirate.ch\/de\/p\/microsoft-surface-laptop-13-business-u5-16gb-512gb-gray\/","title":{"rendered":"Microsoft Surface Laptop 13&#8243; Business (U5, 16GB, 512GB) &#8211; Gray"},"content":{"rendered":"<p><b>Der mobilste Surface-Laptop<\/b><br \/>\nDer mobilste Surface Laptop sorgt von Haus aus f\u00fcr unglaubliche KI-Erfahrungen und eine beeindruckende Spitzenleistung, unterst\u00fctzt von Prozessoren der Intel\u00ae Core\u2122 Ultra Serie 3. Mit einem brillanten 13-Zoll-Touchscreen und bis zu 22 Stunden Akkulaufzeit k\u00f6nnen Sie sich nun voll und ganz darauf konzentrieren, immer und \u00fcberall mehr zu erledigen \u2013 und das mit branchenf\u00fchrenden Chip-to-Cloud-Sicherheitsfunktionen von Microsoft f\u00fcr mehr Seelenfrieden.<\/p>\n<p>\n<b>Bew\u00e4ltigen Sie Aufgaben mit Intel\u00ae<\/b><br \/>\nDie Intel\u00ae Core\u2122 Ultra Serie 3 Prozessoren bieten eine unglaubliche Leistung, die Ihnen hilft, alles zu meistern, was der Tag f\u00fcr Sie bereith\u00e4lt.<\/p>\n<p><b>Ultraleicht und ultrastabil<\/b><br \/>\nNehmen Sie Ihr d\u00fcnnes, leichtes Ger\u00e4t mit \u2013 mit einem Design, das auf Langlebigkeit getestet wurde .<\/p>\n<p><b>Ohne Netzanschluss arbeiten mit bis zu 22 Stunden Akkulaufzeit<\/b><br \/>\nDie lange Akkulaufzeit unterst\u00fctzt Sie an Ihren stressigsten Tagen und l\u00e4dt sich im Handumdrehen mit der Schnellladefunktion \u00fcber USB-C\u00ae wieder auf.<\/p>\n<p><b>Zuverl\u00e4ssige Drahtlosverbindung<\/b><br \/>\nSteigern Sie Ihre Produktivit\u00e4t durch blitzschnelle Geschwindigkeiten, extrem niedrige Latenzzeiten und stabile, sichere Verbindungen mit Wi-Fi 7 und Bluetooth\u00ae Core 5.4.<\/p>\n<p><b>Docken Sie an, um eine vollst\u00e4ndige Workstation zu erstellen<\/b><br \/>\nDer 13-Zoll Surface Laptop for Business unterst\u00fctzt bis zu zwei externe Bildschirme. \u00dcbertragen Sie blitzschnell Dateien, nutzen Sie die zwei USB-C\u00ae-Anschl\u00fcsse zum Andocken und verbinden Sie zus\u00e4tzliches Zubeh\u00f6r \u00fcber den USB-A-Anschluss und die 3,5-mm-Audiobuchse.<\/p>\n<p><b>Beschleunigen Sie KI-Erfahrungen<\/b><br \/>\nAktivieren Sie Copilot+ PC-KI-Erfahrungen auf Ihrem Ger\u00e4t mit der Intel\u00ae AI Boost NPU mit 50 TOPS.<\/p>\n<h2>Scheda tecnica<\/h2><div class=\"card-columns\">\r\n<div class=\"card features-group\">\r\n<div class=\"card-body\">\r\n<h4>Processore<\/h4>\r\n<div class=\"d-flex justify-content-between feature\"><label>Famiglia processore:<\/label> <span class=\"value\">Intel Core Ultra 5<\/span><\/div>\r\n<div class=\"d-flex justify-content-between feature\"><label>Produttore processore:<\/label> <span class=\"value\">Intel<\/span><\/div>\r\n<div class=\"d-flex justify-content-between feature\"><label>Modello del processore:<\/label> <span class=\"value\">325<\/span><\/div>\r\n<div class=\"d-flex justify-content-between feature\"><label>Generazione del processore:<\/label> <span class=\"value\">Intel Core Ultra (Serie 3)<\/span><\/div>\r\n<div class=\"d-flex justify-content-between feature\"><label>Numero di core del processore:<\/label> <span class=\"value\">8<\/span><\/div>\r\n<div class=\"d-flex justify-content-between feature\"><label>Numero di threads del processore:<\/label> <span class=\"value\">8<\/span><\/div>\r\n<div class=\"d-flex justify-content-between feature\"><label>Frequenza del processore turbo massima:<\/label> <span class=\"value\">4,5 GHz<\/span><\/div>\r\n<div class=\"d-flex justify-content-between feature\"><label>Core delle prestazioni:<\/label> <span class=\"value\">4<\/span><\/div>\r\n<div class=\"d-flex justify-content-between feature\"><label>Cores efficienti:<\/label> <span class=\"value\">0<\/span><\/div>\r\n<div class=\"d-flex justify-content-between feature\"><label>Core a bassa efficienza energetica:<\/label> <span class=\"value\">4<\/span><\/div>\r\n<div class=\"d-flex justify-content-between feature\"><label>Frequenza del Processore Turbo Massima Performance-core:<\/label> <span class=\"value\">4,5 GHz<\/span><\/div>\r\n<div class=\"d-flex justify-content-between feature\"><label>Frequenza turbo massima del core a bassa efficienza energetica:<\/label> <span class=\"value\">3,4 GHz<\/span><\/div>\r\n<div class=\"d-flex justify-content-between feature\"><label>Frequenza di base del core delle prestazioni:<\/label> <span class=\"value\">2,1 GHz<\/span><\/div>\r\n<div class=\"d-flex justify-content-between feature\"><label>Frequenza base core efficiente:<\/label> <span class=\"value\">1,6 GHz<\/span><\/div>\r\n<div class=\"d-flex justify-content-between feature\"><label>Frequenza di base del core a bassa efficienza energetica:<\/label> <span class=\"value\">1600 MHz<\/span><\/div>\r\n<div class=\"d-flex justify-content-between feature\"><label>Cache processore:<\/label> <span class=\"value\">12 MB<\/span><\/div>\r\n<div class=\"d-flex justify-content-between feature\"><label>Tipo di cache del processore:<\/label> <span class=\"value\">Cache intelligente<\/span><\/div>\r\n<div class=\"d-flex justify-content-between feature\"><label>Presa per processore:<\/label> <span class=\"value\">FCBGA2540<\/span><\/div>\r\n<div class=\"d-flex justify-content-between feature\"><label>Potenza di base del processore:<\/label> <span class=\"value\">25 W<\/span><\/div>\r\n<div class=\"d-flex justify-content-between feature\"><label>Massima potenza turbo:<\/label> <span class=\"value\">55 W<\/span><\/div>\r\n<\/div>\r\n<\/div>\r\n<div class=\"card features-group\">\r\n<div class=\"card-body\">\r\n<h4>Memoria<\/h4>\r\n<div class=\"d-flex justify-content-between feature\"><label>Memoria Interna:<\/label> <span class=\"value\">16 GB<\/span><\/div>\r\n<div class=\"d-flex justify-content-between feature\"><label>RAM massima supportata:<\/label> <span class=\"value\">16 GB<\/span><\/div>\r\n<div class=\"d-flex justify-content-between feature\"><label>Tipo di RAM:<\/label> <span class=\"value\">LPDDR5x-SDRAM<\/span><\/div>\r\n<\/div>\r\n<\/div>\r\n<div class=\"card features-group\">\r\n<div class=\"card-body\">\r\n<h4>Display<\/h4>\r\n<div class=\"d-flex justify-content-between feature\"><label>Dimensioni diagonale schermo:<\/label> <span class=\"value\">33 cm (13\")<\/span><\/div>\r\n<div class=\"d-flex justify-content-between feature\"><label>Risoluzione del display:<\/label> <span class=\"value\">1920 x 1280 Pixel<\/span><\/div>\r\n<div class=\"d-flex justify-content-between feature\"><label>Touch screen:<\/label> <span class=\"value\">S\u00ec<\/span><\/div>\r\n<div class=\"d-flex justify-content-between feature\"><label>Nome commerciale della tecnologia del display:<\/label> <span class=\"value\">PixelSense<\/span><\/div>\r\n<div class=\"d-flex justify-content-between feature\"><label>Retroilluminazione a LED:<\/label> <span class=\"value\">S\u00ec<\/span><\/div>\r\n<div class=\"d-flex justify-content-between feature\"><label>Formato schermo (aspect ratio):<\/label> <span class=\"value\">3:2<\/span><\/div>\r\n<div class=\"d-flex justify-content-between feature\"><label>Rivestimento antiriflesso:<\/label> <span class=\"value\">S\u00ec<\/span><\/div>\r\n<div class=\"d-flex justify-content-between feature\"><label>Luminosit\u00e0 schermo:<\/label> <span class=\"value\">500 cd\/m\u00b2<\/span><\/div>\r\n<div class=\"d-flex justify-content-between feature\"><label>Densit\u00e0 di Pixel:<\/label> <span class=\"value\">178 ppi (punti per pollice)<\/span><\/div>\r\n<div class=\"d-flex justify-content-between feature\"><label>RGB spazio colore:<\/label> <span class=\"value\">sRGB<\/span><\/div>\r\n<div class=\"d-flex justify-content-between feature\"><label>Tempo massimo di refresh:<\/label> <span class=\"value\">60 Hz<\/span><\/div>\r\n<div class=\"d-flex justify-content-between feature\"><label>Rapporto di contrasto:<\/label> <span class=\"value\">1000:1<\/span><\/div>\r\n<\/div>\r\n<\/div>\r\n<div class=\"card features-group\">\r\n<div class=\"card-body\">\r\n<h4>Audio<\/h4>\r\n<div class=\"d-flex justify-content-between feature\"><label>Sistema audio:<\/label> <span class=\"value\">Audio Dolby<\/span><\/div>\r\n<div class=\"d-flex justify-content-between feature\"><label>Marca degli altoparlanti:<\/label> <span class=\"value\">OmniSonic<\/span><\/div>\r\n<div class=\"d-flex justify-content-between feature\"><label>Microfono incorporato:<\/label> <span class=\"value\">S\u00ec<\/span><\/div>\r\n<div class=\"d-flex justify-content-between feature\"><label>Numero dei microfoni:<\/label> <span class=\"value\">2<\/span><\/div>\r\n<\/div>\r\n<\/div>\r\n<div class=\"card features-group\">\r\n<div class=\"card-body\">\r\n<h4>Connettivit\u00e0<\/h4>\r\n<div class=\"d-flex justify-content-between feature\"><label>Quantit\u00e0 porte USB 2.0:<\/label> <span class=\"value\">0<\/span><\/div>\r\n<div class=\"d-flex justify-content-between feature\"><label>Quantit\u00e0 di porte USB 3.2 Gen 1 (3.1 Gen 1) di tipo A:<\/label> <span class=\"value\">1<\/span><\/div>\r\n<div class=\"d-flex justify-content-between feature\"><label>Quantit\u00e0 di porte USB 3.2 Gen 1 (3.1 Gen 1) di tipo C:<\/label> <span class=\"value\">2<\/span><\/div>\r\n<div class=\"d-flex justify-content-between feature\"><label>Quantit\u00e0 porte HDMI:<\/label> <span class=\"value\">0<\/span><\/div>\r\n<div class=\"d-flex justify-content-between feature\"><label>Jack combinato per microfono\/auricolare:<\/label> <span class=\"value\">S\u00ec<\/span><\/div>\r\n<div class=\"d-flex justify-content-between feature\"><label>Modalit\u00e0 alternativa DisplayPort USB di Tipo C:<\/label> <span class=\"value\">S\u00ec<\/span><\/div>\r\n<\/div>\r\n<\/div>\r\n<div class=\"card features-group\">\r\n<div class=\"card-body\">\r\n<h4>Dimensioni e peso<\/h4>\r\n<div class=\"d-flex justify-content-between feature\"><label>Peso:<\/label> <span class=\"value\">1,24 kg<\/span><\/div>\r\n<div class=\"d-flex justify-content-between feature\"><label>Larghezza:<\/label> <span class=\"value\">285,6 mm<\/span><\/div>\r\n<div class=\"d-flex justify-content-between feature\"><label>Profondit\u00e0:<\/label> <span class=\"value\">214,1 mm<\/span><\/div>\r\n<div class=\"d-flex justify-content-between feature\"><label>Altezza:<\/label> <span class=\"value\">15,6 mm<\/span><\/div>\r\n<\/div>\r\n<\/div>\r\n<div class=\"card features-group\">\r\n<div class=\"card-body\">\r\n<h4>Gestione energetica<\/h4>\r\n<div class=\"d-flex justify-content-between feature\"><label>Porta di ricarica USB Type-C:<\/label> <span class=\"value\">S\u00ec<\/span><\/div>\r\n<div class=\"d-flex justify-content-between feature\"><label>Potenza di ricarica richiesta (min):<\/label> <span class=\"value\">40 W<\/span><\/div>\r\n<div class=\"d-flex justify-content-between feature\"><label>Potenza di ricarica richiesta (max):<\/label> <span class=\"value\">60 W<\/span><\/div>\r\n<div class=\"d-flex justify-content-between feature\"><label>Adattatore dissipazione di potenza AC:<\/label> <span class=\"value\">45 W<\/span><\/div>\r\n<\/div>\r\n<\/div>\r\n<div class=\"card features-group\">\r\n<div class=\"card-body\">\r\n<h4>Tastiera<\/h4>\r\n<div class=\"d-flex justify-content-between feature\"><label>Tastiera numerica:<\/label> <span class=\"value\">No<\/span><\/div>\r\n<div class=\"d-flex justify-content-between feature\"><label>Dispositivo di puntatura:<\/label> <span class=\"value\">Touchpad<\/span><\/div>\r\n<div class=\"d-flex justify-content-between feature\"><label>tastiera retroilluminata:<\/label> <span class=\"value\">S\u00ec<\/span><\/div>\r\n<div class=\"d-flex justify-content-between feature\"><label>Struttura tastiera:<\/label> <span class=\"value\">QWERTZU<\/span><\/div>\r\n<div class=\"d-flex justify-content-between feature\"><label>Tasto Copilot+:<\/label> <span class=\"value\">S\u00ec<\/span><\/div>\r\n<\/div>\r\n<\/div>\r\n<div class=\"card features-group\">\r\n<div class=\"card-body\">\r\n<h4>Collegamento in rete<\/h4>\r\n<div class=\"d-flex justify-content-between feature\"><label>Connessione di rete mobile:<\/label> <span class=\"value\">No<\/span><\/div>\r\n<div class=\"d-flex justify-content-between feature\"><label>Wi-Fi standard:<\/label> <span class=\"value\">Wi-Fi 7 (802.11be)<\/span><\/div>\r\n<div class=\"d-flex justify-content-between feature\"><label>Standard Wi-Fi:<\/label> <span class=\"value\">802.11a, 802.11b, 802.11g, Wi-Fi 4 (802.11n), Wi-Fi 5 (802.11ac), Wi-Fi 6 (802.11ax), Wi-Fi 7 (802.11be)<\/span><\/div>\r\n<div class=\"d-flex justify-content-between feature\"><label>Bluetooth:<\/label> <span class=\"value\">S\u00ec<\/span><\/div>\r\n<div class=\"d-flex justify-content-between feature\"><label>Versione Bluetooth:<\/label> <span class=\"value\">5.4<\/span><\/div>\r\n<div class=\"d-flex justify-content-between feature\"><label>Bluetooth Low Energy (BLE):<\/label> <span class=\"value\">S\u00ec<\/span><\/div>\r\n<\/div>\r\n<\/div>\r\n<div class=\"card features-group\">\r\n<div class=\"card-body\">\r\n<h4>Archiviazione<\/h4>\r\n<div class=\"d-flex justify-content-between feature\"><label>Capacit\u00e0 totale di archiviazione:<\/label> <span class=\"value\">512 GB<\/span><\/div>\r\n<div class=\"d-flex justify-content-between feature\"><label>Supporto di memoria:<\/label> <span class=\"value\">SSD<\/span><\/div>\r\n<div class=\"d-flex justify-content-between feature\"><label>Tipo drive ottico:<\/label> <span class=\"value\">No<\/span><\/div>\r\n<div class=\"d-flex justify-content-between feature\"><label>Capacit\u00e0 SSD totale:<\/label> <span class=\"value\">512 GB<\/span><\/div>\r\n<div class=\"d-flex justify-content-between feature\"><label>Numero di SSD installati:<\/label> <span class=\"value\">1<\/span><\/div>\r\n<div class=\"d-flex justify-content-between feature\"><label>Capacit\u00e0 SSD:<\/label> <span class=\"value\">512 GB<\/span><\/div>\r\n<\/div>\r\n<\/div>\r\n<div class=\"card features-group\">\r\n<div class=\"card-body\">\r\n<h4>Sicurezza<\/h4>\r\n<div class=\"d-flex justify-content-between feature\"><label>Lettore di impronte digitali:<\/label> <span class=\"value\">S\u00ec<\/span><\/div>\r\n<div class=\"d-flex justify-content-between feature\"><label>Windows Hello:<\/label> <span class=\"value\">S\u00ec<\/span><\/div>\r\n<div class=\"d-flex justify-content-between feature\"><label>Modulo della piattaforma fidata (TPM):<\/label> <span class=\"value\">S\u00ec<\/span><\/div>\r\n<div class=\"d-flex justify-content-between feature\"><label>versione Trusted Platform Module (TPM):<\/label> <span class=\"value\">2.0<\/span><\/div>\r\n<div class=\"d-flex justify-content-between feature\"><label>Protezione della password:<\/label> <span class=\"value\">S\u00ec<\/span><\/div>\r\n<\/div>\r\n<\/div>\r\n<div class=\"card features-group\">\r\n<div class=\"card-body\">\r\n<h4>Certificati di sicurezza<\/h4>\r\n<div class=\"d-flex justify-content-between feature\"><label>Certificazione WiFi:<\/label> <span class=\"value\">S\u00ec<\/span><\/div>\r\n<\/div>\r\n<\/div>\r\n<div class=\"card features-group\">\r\n<div class=\"card-body\">\r\n<h4>Software<\/h4>\r\n<div class=\"d-flex justify-content-between feature\"><label>Sistema operativo incluso:<\/label> <span class=\"value\">Windows 11 Pro<\/span><\/div>\r\n<div class=\"d-flex justify-content-between feature\"><label>Architettura sistema operativo:<\/label> <span class=\"value\">64-bit<\/span><\/div>\r\n<div class=\"d-flex justify-content-between feature\"><label>Microsoft Copilot:<\/label> <span class=\"value\">S\u00ec<\/span><\/div>\r\n<\/div>\r\n<\/div>\r\n<div class=\"card features-group\">\r\n<div class=\"card-body\">\r\n<h4>Macchina fotografica<\/h4>\r\n<div class=\"d-flex justify-content-between feature\"><label>Fotocamera frontale:<\/label> <span class=\"value\">S\u00ec<\/span><\/div>\r\n<div class=\"d-flex justify-content-between feature\"><label>Tipo HD della fotocamera anteriore:<\/label> <span class=\"value\">Full HD<\/span><\/div>\r\n<\/div>\r\n<\/div>\r\n<div class=\"card features-group\">\r\n<div class=\"card-body\">\r\n<h4>Contenuto dell'imballo<\/h4>\r\n<div class=\"d-flex justify-content-between feature\"><label>Cavi inclusi:<\/label> <span class=\"value\">USB tipo-C<\/span><\/div>\r\n<\/div>\r\n<\/div>\r\n<div class=\"card features-group\">\r\n<div class=\"card-body\">\r\n<h4>Batteria<\/h4>\r\n<div class=\"d-flex justify-content-between feature\"><label>Capacit\u00e0 della batteria:<\/label> <span class=\"value\">50 Wh<\/span><\/div>\r\n<div class=\"d-flex justify-content-between feature\"><label>Tecnologia batteria:<\/label> <span class=\"value\">Ioni di Litio<\/span><\/div>\r\n<div class=\"d-flex justify-content-between feature\"><label>Tempo di navigazione (Wi-Fi) (max):<\/label> <span class=\"value\">14 h<\/span><\/div>\r\n<div class=\"d-flex justify-content-between feature\"><label>Riproduzione video continua (max):<\/label> <span class=\"value\">22 h<\/span><\/div>\r\n<\/div>\r\n<\/div>\r\n<div class=\"card features-group\">\r\n<div class=\"card-body\">\r\n<h4>Design<\/h4>\r\n<div class=\"d-flex justify-content-between feature\"><label>Tipo di prodotto:<\/label> <span class=\"value\">Computer portatile<\/span><\/div>\r\n<div class=\"d-flex justify-content-between feature\"><label>Colore del prodotto:<\/label> <span class=\"value\">Platino<\/span><\/div>\r\n<div class=\"d-flex justify-content-between feature\"><label>Fattore di forma:<\/label> <span class=\"value\">Clamshell<\/span><\/div>\r\n<div class=\"d-flex justify-content-between feature\"><label>Materiale della scocca:<\/label> <span class=\"value\">Alluminio<\/span><\/div>\r\n<div class=\"d-flex justify-content-between feature\"><label>Posizionamento di mercato:<\/label> <span class=\"value\">Business<\/span><\/div>\r\n<div class=\"d-flex justify-content-between feature\"><label>Anno di introduzione:<\/label> <span class=\"value\">2026<\/span><\/div>\r\n<\/div>\r\n<\/div>\r\n<div class=\"card features-group\">\r\n<div class=\"card-body\">\r\n<h4>Grafica<\/h4>\r\n<div class=\"d-flex justify-content-between feature\"><label>Scheda grafica integrata:<\/label> <span class=\"value\">S\u00ec<\/span><\/div>\r\n<div class=\"d-flex justify-content-between feature\"><label>Adattatore di scheda grafica separato:<\/label> <span class=\"value\">No<\/span><\/div>\r\n<div class=\"d-flex justify-content-between feature\"><label>Scheda grafica dedicata:<\/label> <span class=\"value\">Non disponibile<\/span><\/div>\r\n<div class=\"d-flex justify-content-between feature\"><label>Modello scheda grafica integrata:<\/label> <span class=\"value\">Grafica Intel<\/span><\/div>\r\n<div class=\"d-flex justify-content-between feature\"><label>Produttore di GPU integrato:<\/label> <span class=\"value\">Intel<\/span><\/div>\r\n<div class=\"d-flex justify-content-between feature\"><label>Famiglia dell'adattatore della scheda grafica integrata:<\/label> <span class=\"value\">Grafica Intel<\/span><\/div>\r\n<div class=\"d-flex justify-content-between feature\"><label>Accelerazione della tracciatura del fascio:<\/label> <span class=\"value\">S\u00ec<\/span><\/div>\r\n<\/div>\r\n<\/div>\r\n<div class=\"card features-group\">\r\n<div class=\"card-body\">\r\n<h4>Prestazione<\/h4>\r\n<div class=\"d-flex justify-content-between feature\"><label>Sensore luce ambientale:<\/label> <span class=\"value\">S\u00ec<\/span><\/div>\r\n<\/div>\r\n<\/div>\r\n<div class=\"card features-group\">\r\n<div class=\"card-body\">\r\n<h4>Unit\u00e0 di elaborazione neurale (NPU)<\/h4>\r\n<div class=\"d-flex justify-content-between feature\"><label>Copilot+ PC:<\/label> <span class=\"value\">S\u00ec<\/span><\/div>\r\n<div class=\"d-flex justify-content-between feature\"><label>Unit\u00e0 di elaborazione neurale (NPU):<\/label> <span class=\"value\">Intel AI Boost<\/span><\/div>\r\n<div class=\"d-flex justify-content-between feature\"><label>Supporto di Sparsity:<\/label> <span class=\"value\">S\u00ec<\/span><\/div>\r\n<div class=\"d-flex justify-content-between feature\"><label>Supporto degli effetti di Windows Studio:<\/label> <span class=\"value\">S\u00ec<\/span><\/div>\r\n<div class=\"d-flex justify-content-between feature\"><label>Framework software AI supportati dalla NPU:<\/label> <span class=\"value\">OpenVINO, Windows ML, ONNX RT, WebNN<\/span><\/div>\r\n<div class=\"d-flex justify-content-between feature\"><label>Prestazioni della NPU fino a:<\/label> <span class=\"value\">47 TOPs<\/span><\/div>\r\n<div class=\"d-flex justify-content-between feature\"><label>Prestazioni della GPU fino a:<\/label> <span class=\"value\">40 TOPs<\/span><\/div>\r\n<\/div>\r\n<\/div>\r\n<\/div>","protected":false},"excerpt":{"rendered":"<p>Intel Core Ultra 5 325 (12MB Cache), 16GB LPDDR5x-SDRAM, 512GB SSD, 13&#8243; 1920 x 1280 Touch, Intel Graphics, WLAN, Webcam, Windows 11 Pro 64-bit<\/p>\n","protected":false},"featured_media":351706,"template":"","meta":[],"product_brand":[],"product_cat":[725,568],"product_tag":[],"woo-feed-brand":[],"class_list":["post-351716","product","type-product","status-publish","has-post-thumbnail","product_cat-verschiedene-marken","product_cat-notebooks-laptops-ratenzahlung","first","instock","shipping-taxable","purchasable","product-type-simple"],"yoast_head":"<!-- This site is optimized with the Yoast SEO plugin v28.2 - https:\/\/yoast.com\/product\/yoast-seo-wordpress\/ -->\n<title>Microsoft Surface Laptop 13&quot; Business (U5, 16GB, 512GB) - Gray - Ratenzahlung \ud83d\udd3d<\/title>\n<meta name=\"description\" content=\"Bester Preis in Raten f\u00fcr Microsoft Surface Laptop 13&quot; Business (U5, 16GB, 512GB) - Gray 0% Zinsen - sofortige Online-Best\u00e4tigung \u2b50\u2b50\u2b50\u2b50\u2b50\" \/>\n<meta name=\"robots\" content=\"index, follow, max-snippet:-1, max-image-preview:large, max-video-preview:-1\" \/>\n<link rel=\"canonical\" href=\"https:\/\/minirate.ch\/de\/p\/microsoft-surface-laptop-13-business-u5-16gb-512gb-gray\/\" \/>\n<meta property=\"og:locale\" content=\"de_DE\" \/>\n<meta property=\"og:type\" content=\"article\" \/>\n<meta property=\"og:title\" content=\"Microsoft Surface Laptop 13&quot; Business (U5, 16GB, 512GB) - Gray - Ratenzahlung \ud83d\udd3d\" \/>\n<meta property=\"og:description\" content=\"Bester Preis in Raten f\u00fcr Microsoft Surface Laptop 13&quot; Business (U5, 16GB, 512GB) - Gray 0% Zinsen - sofortige Online-Best\u00e4tigung \u2b50\u2b50\u2b50\u2b50\u2b50\" \/>\n<meta property=\"og:url\" content=\"https:\/\/minirate.ch\/de\/p\/microsoft-surface-laptop-13-business-u5-16gb-512gb-gray\/\" \/>\n<meta property=\"og:site_name\" content=\"MINIRATE\" \/>\n<meta property=\"article:publisher\" content=\"https:\/\/www.facebook.com\/minirate.ch\/\" \/>\n<meta property=\"article:modified_time\" content=\"2026-07-20T12:49:58+00:00\" \/>\n<meta property=\"og:image\" content=\"https:\/\/minirate.ch\/wp-content\/uploads\/icecat-images\/7125d4e29bea19c6c64fec2c3ec33297e90df88b.jpg\" \/>\n\t<meta property=\"og:image:width\" content=\"1512\" \/>\n\t<meta property=\"og:image:height\" content=\"1337\" \/>\n\t<meta property=\"og:image:type\" content=\"image\/jpeg\" \/>\n<meta name=\"twitter:card\" content=\"summary_large_image\" \/>\n<script type=\"application\/ld+json\" class=\"yoast-schema-graph\">{\"@context\":\"https:\\\/\\\/schema.org\",\"@graph\":[{\"@type\":\"WebPage\",\"@id\":\"https:\\\/\\\/minirate.ch\\\/de\\\/p\\\/microsoft-surface-laptop-13-business-u5-16gb-512gb-gray\\\/\",\"url\":\"https:\\\/\\\/minirate.ch\\\/de\\\/p\\\/microsoft-surface-laptop-13-business-u5-16gb-512gb-gray\\\/\",\"name\":\"Microsoft Surface Laptop 13\\\" Business (U5, 16GB, 512GB) - Gray - Ratenzahlung \ud83d\udd3d\",\"isPartOf\":{\"@id\":\"https:\\\/\\\/minirate.ch\\\/de\\\/#website\"},\"primaryImageOfPage\":{\"@id\":\"https:\\\/\\\/minirate.ch\\\/de\\\/p\\\/microsoft-surface-laptop-13-business-u5-16gb-512gb-gray\\\/#primaryimage\"},\"image\":{\"@id\":\"https:\\\/\\\/minirate.ch\\\/de\\\/p\\\/microsoft-surface-laptop-13-business-u5-16gb-512gb-gray\\\/#primaryimage\"},\"thumbnailUrl\":\"https:\\\/\\\/minirate.ch\\\/wp-content\\\/uploads\\\/icecat-images\\\/7125d4e29bea19c6c64fec2c3ec33297e90df88b.jpg\",\"datePublished\":\"2026-07-20T12:49:57+00:00\",\"dateModified\":\"2026-07-20T12:49:58+00:00\",\"description\":\"Bester Preis in Raten f\u00fcr Microsoft Surface Laptop 13\\\" Business (U5, 16GB, 512GB) - Gray 0% Zinsen - sofortige Online-Best\u00e4tigung \u2b50\u2b50\u2b50\u2b50\u2b50\",\"breadcrumb\":{\"@id\":\"https:\\\/\\\/minirate.ch\\\/de\\\/p\\\/microsoft-surface-laptop-13-business-u5-16gb-512gb-gray\\\/#breadcrumb\"},\"inLanguage\":\"de\",\"potentialAction\":[{\"@type\":\"ReadAction\",\"target\":[\"https:\\\/\\\/minirate.ch\\\/de\\\/p\\\/microsoft-surface-laptop-13-business-u5-16gb-512gb-gray\\\/\"]}]},{\"@type\":\"ImageObject\",\"inLanguage\":\"de\",\"@id\":\"https:\\\/\\\/minirate.ch\\\/de\\\/p\\\/microsoft-surface-laptop-13-business-u5-16gb-512gb-gray\\\/#primaryimage\",\"url\":\"https:\\\/\\\/minirate.ch\\\/wp-content\\\/uploads\\\/icecat-images\\\/7125d4e29bea19c6c64fec2c3ec33297e90df88b.jpg\",\"contentUrl\":\"https:\\\/\\\/minirate.ch\\\/wp-content\\\/uploads\\\/icecat-images\\\/7125d4e29bea19c6c64fec2c3ec33297e90df88b.jpg\",\"width\":1512,\"height\":1337},{\"@type\":\"BreadcrumbList\",\"@id\":\"https:\\\/\\\/minirate.ch\\\/de\\\/p\\\/microsoft-surface-laptop-13-business-u5-16gb-512gb-gray\\\/#breadcrumb\",\"itemListElement\":[{\"@type\":\"ListItem\",\"position\":1,\"name\":\"Home\",\"item\":\"https:\\\/\\\/minirate.ch\\\/de\\\/home\\\/\"},{\"@type\":\"ListItem\",\"position\":2,\"name\":\"Shop - DEU\",\"item\":\"https:\\\/\\\/minirate.ch\\\/de\\\/shop-deu\\\/\"},{\"@type\":\"ListItem\",\"position\":3,\"name\":\"Microsoft Surface Laptop 13&#8243; Business (U5, 16GB, 512GB) &#8211; Gray\"}]},{\"@type\":\"WebSite\",\"@id\":\"https:\\\/\\\/minirate.ch\\\/de\\\/#website\",\"url\":\"https:\\\/\\\/minirate.ch\\\/de\\\/\",\"name\":\"Minirate\",\"description\":\"Die beste Technologie in Raten, f\u00fcr alle!\",\"publisher\":{\"@id\":\"https:\\\/\\\/minirate.ch\\\/de\\\/#organization\"},\"potentialAction\":[{\"@type\":\"SearchAction\",\"target\":{\"@type\":\"EntryPoint\",\"urlTemplate\":\"https:\\\/\\\/minirate.ch\\\/de\\\/?s={search_term_string}\"},\"query-input\":{\"@type\":\"PropertyValueSpecification\",\"valueRequired\":true,\"valueName\":\"search_term_string\"}}],\"inLanguage\":\"de\"},{\"@type\":\"Organization\",\"@id\":\"https:\\\/\\\/minirate.ch\\\/de\\\/#organization\",\"name\":\"Minirate\",\"url\":\"https:\\\/\\\/minirate.ch\\\/de\\\/\",\"logo\":{\"@type\":\"ImageObject\",\"inLanguage\":\"de\",\"@id\":\"https:\\\/\\\/minirate.ch\\\/de\\\/#\\\/schema\\\/logo\\\/image\\\/\",\"url\":\"https:\\\/\\\/minirate.ch\\\/wp-content\\\/uploads\\\/2023\\\/09\\\/MINIRATE-logo-2023.png\",\"contentUrl\":\"https:\\\/\\\/minirate.ch\\\/wp-content\\\/uploads\\\/2023\\\/09\\\/MINIRATE-logo-2023.png\",\"width\":400,\"height\":150,\"caption\":\"Minirate\"},\"image\":{\"@id\":\"https:\\\/\\\/minirate.ch\\\/de\\\/#\\\/schema\\\/logo\\\/image\\\/\"},\"sameAs\":[\"https:\\\/\\\/www.facebook.com\\\/minirate.ch\\\/\"]}]}<\/script>\n<!-- \/ Yoast SEO plugin. -->","yoast_head_json":{"title":"Microsoft Surface Laptop 13\" Business (U5, 16GB, 512GB) - Gray - Ratenzahlung \ud83d\udd3d","description":"Bester Preis in Raten f\u00fcr Microsoft Surface Laptop 13\" Business (U5, 16GB, 512GB) - Gray 0% Zinsen - sofortige Online-Best\u00e4tigung \u2b50\u2b50\u2b50\u2b50\u2b50","robots":{"index":"index","follow":"follow","max-snippet":"max-snippet:-1","max-image-preview":"max-image-preview:large","max-video-preview":"max-video-preview:-1"},"canonical":"https:\/\/minirate.ch\/de\/p\/microsoft-surface-laptop-13-business-u5-16gb-512gb-gray\/","og_locale":"de_DE","og_type":"article","og_title":"Microsoft Surface Laptop 13\" Business (U5, 16GB, 512GB) - Gray - Ratenzahlung \ud83d\udd3d","og_description":"Bester Preis in Raten f\u00fcr Microsoft Surface Laptop 13\" Business (U5, 16GB, 512GB) - Gray 0% Zinsen - sofortige Online-Best\u00e4tigung \u2b50\u2b50\u2b50\u2b50\u2b50","og_url":"https:\/\/minirate.ch\/de\/p\/microsoft-surface-laptop-13-business-u5-16gb-512gb-gray\/","og_site_name":"MINIRATE","article_publisher":"https:\/\/www.facebook.com\/minirate.ch\/","article_modified_time":"2026-07-20T12:49:58+00:00","og_image":[{"width":1512,"height":1337,"url":"https:\/\/minirate.ch\/wp-content\/uploads\/icecat-images\/7125d4e29bea19c6c64fec2c3ec33297e90df88b.jpg","type":"image\/jpeg"}],"twitter_card":"summary_large_image","schema":{"@context":"https:\/\/schema.org","@graph":[{"@type":"WebPage","@id":"https:\/\/minirate.ch\/de\/p\/microsoft-surface-laptop-13-business-u5-16gb-512gb-gray\/","url":"https:\/\/minirate.ch\/de\/p\/microsoft-surface-laptop-13-business-u5-16gb-512gb-gray\/","name":"Microsoft Surface Laptop 13\" Business (U5, 16GB, 512GB) - Gray - Ratenzahlung \ud83d\udd3d","isPartOf":{"@id":"https:\/\/minirate.ch\/de\/#website"},"primaryImageOfPage":{"@id":"https:\/\/minirate.ch\/de\/p\/microsoft-surface-laptop-13-business-u5-16gb-512gb-gray\/#primaryimage"},"image":{"@id":"https:\/\/minirate.ch\/de\/p\/microsoft-surface-laptop-13-business-u5-16gb-512gb-gray\/#primaryimage"},"thumbnailUrl":"https:\/\/minirate.ch\/wp-content\/uploads\/icecat-images\/7125d4e29bea19c6c64fec2c3ec33297e90df88b.jpg","datePublished":"2026-07-20T12:49:57+00:00","dateModified":"2026-07-20T12:49:58+00:00","description":"Bester Preis in Raten f\u00fcr Microsoft Surface Laptop 13\" Business (U5, 16GB, 512GB) - Gray 0% Zinsen - sofortige Online-Best\u00e4tigung \u2b50\u2b50\u2b50\u2b50\u2b50","breadcrumb":{"@id":"https:\/\/minirate.ch\/de\/p\/microsoft-surface-laptop-13-business-u5-16gb-512gb-gray\/#breadcrumb"},"inLanguage":"de","potentialAction":[{"@type":"ReadAction","target":["https:\/\/minirate.ch\/de\/p\/microsoft-surface-laptop-13-business-u5-16gb-512gb-gray\/"]}]},{"@type":"ImageObject","inLanguage":"de","@id":"https:\/\/minirate.ch\/de\/p\/microsoft-surface-laptop-13-business-u5-16gb-512gb-gray\/#primaryimage","url":"https:\/\/minirate.ch\/wp-content\/uploads\/icecat-images\/7125d4e29bea19c6c64fec2c3ec33297e90df88b.jpg","contentUrl":"https:\/\/minirate.ch\/wp-content\/uploads\/icecat-images\/7125d4e29bea19c6c64fec2c3ec33297e90df88b.jpg","width":1512,"height":1337},{"@type":"BreadcrumbList","@id":"https:\/\/minirate.ch\/de\/p\/microsoft-surface-laptop-13-business-u5-16gb-512gb-gray\/#breadcrumb","itemListElement":[{"@type":"ListItem","position":1,"name":"Home","item":"https:\/\/minirate.ch\/de\/home\/"},{"@type":"ListItem","position":2,"name":"Shop - DEU","item":"https:\/\/minirate.ch\/de\/shop-deu\/"},{"@type":"ListItem","position":3,"name":"Microsoft Surface Laptop 13&#8243; Business (U5, 16GB, 512GB) &#8211; Gray"}]},{"@type":"WebSite","@id":"https:\/\/minirate.ch\/de\/#website","url":"https:\/\/minirate.ch\/de\/","name":"Minirate","description":"Die beste Technologie in Raten, f\u00fcr alle!","publisher":{"@id":"https:\/\/minirate.ch\/de\/#organization"},"potentialAction":[{"@type":"SearchAction","target":{"@type":"EntryPoint","urlTemplate":"https:\/\/minirate.ch\/de\/?s={search_term_string}"},"query-input":{"@type":"PropertyValueSpecification","valueRequired":true,"valueName":"search_term_string"}}],"inLanguage":"de"},{"@type":"Organization","@id":"https:\/\/minirate.ch\/de\/#organization","name":"Minirate","url":"https:\/\/minirate.ch\/de\/","logo":{"@type":"ImageObject","inLanguage":"de","@id":"https:\/\/minirate.ch\/de\/#\/schema\/logo\/image\/","url":"https:\/\/minirate.ch\/wp-content\/uploads\/2023\/09\/MINIRATE-logo-2023.png","contentUrl":"https:\/\/minirate.ch\/wp-content\/uploads\/2023\/09\/MINIRATE-logo-2023.png","width":400,"height":150,"caption":"Minirate"},"image":{"@id":"https:\/\/minirate.ch\/de\/#\/schema\/logo\/image\/"},"sameAs":["https:\/\/www.facebook.com\/minirate.ch\/"]}]}},"_links":{"self":[{"href":"https:\/\/minirate.ch\/de\/wp-json\/wp\/v2\/product\/351716","targetHints":{"allow":["GET"]}}],"collection":[{"href":"https:\/\/minirate.ch\/de\/wp-json\/wp\/v2\/product"}],"about":[{"href":"https:\/\/minirate.ch\/de\/wp-json\/wp\/v2\/types\/product"}],"wp:featuredmedia":[{"embeddable":true,"href":"https:\/\/minirate.ch\/de\/wp-json\/wp\/v2\/media\/351706"}],"wp:attachment":[{"href":"https:\/\/minirate.ch\/de\/wp-json\/wp\/v2\/media?parent=351716"}],"wp:term":[{"taxonomy":"product_brand","embeddable":true,"href":"https:\/\/minirate.ch\/de\/wp-json\/wp\/v2\/product_brand?post=351716"},{"taxonomy":"product_cat","embeddable":true,"href":"https:\/\/minirate.ch\/de\/wp-json\/wp\/v2\/product_cat?post=351716"},{"taxonomy":"product_tag","embeddable":true,"href":"https:\/\/minirate.ch\/de\/wp-json\/wp\/v2\/product_tag?post=351716"},{"taxonomy":"woo-feed-brand","embeddable":true,"href":"https:\/\/minirate.ch\/de\/wp-json\/wp\/v2\/woo-feed-brand?post=351716"}],"curies":[{"name":"wp","href":"https:\/\/api.w.org\/{rel}","templated":true}]}}