{"id":118177,"date":"2023-11-10T13:54:08","date_gmt":"2023-11-10T12:54:08","guid":{"rendered":"https:\/\/minirate.ch\/?post_type=product&#038;p=118177"},"modified":"2023-11-10T13:54:09","modified_gmt":"2023-11-10T12:54:09","slug":"apple-iphone-13-mini-256gb-pink","status":"publish","type":"product","link":"https:\/\/minirate.ch\/fr\/p\/apple-iphone-13-mini-256gb-pink\/","title":{"rendered":"Apple iPhone 13 Mini 256GB Pink"},"content":{"rendered":"<p><b>iPhone 13<\/b><br \/>\n<b>Votre nouveau superpouvoir.<\/b><\/p>\n<p>Notre double appareil photo le plus avanc\u00e9 \u00e0 ce jour. Des performances par faible luminosit\u00e9 jusqu\u2019\u00e0 47 % sup\u00e9rieures.<\/p>\n<p>Le nouveau mode Cin\u00e9matique r\u00e9duit automatiquement la profondeur de champ. Vous pouvez aussi changer la mise au point apr\u00e8s avoir film\u00e9.<\/p>\n<p>Jusqu\u2019\u00e0 19 heures de lecture vid\u00e9o. Une autonomie nettement am\u00e9lior\u00e9e.<\/p>\n<p>Plus puissant que jamais avec la nouvelle puce A15 Bionic et la connectivit\u00e9 5G ultra-rapide.<\/p>\n<p>Ceramic Shield, plus r\u00e9sistant que le verre de n\u2019importe quel smartphone. Et il r\u00e9siste aux \u00e9claboussures, \u00e0 l\u2019eau et \u00e0 la poussi\u00e8re.<\/p>\n<p>Un \u00e9cran Super Retina XDR ultra-riche en couleurs, d\u00e9sormais 28 % plus lumineux.<\/p>\n<h2>Scheda tecnica<\/h2><div class=\"card-columns\">\r\n<div class=\"card features-group\">\r\n<div class=\"card-body\">\r\n<h4>D\u00e9tails techniques<\/h4>\r\n<div class=\"d-flex justify-content-between feature\"><label>L\u2019indice de r\u00e9parabilit\u00e9:<\/label> <span class=\"value\">6.4<\/span><\/div>\r\n<\/div>\r\n<\/div>\r\n<div class=\"card features-group\">\r\n<div class=\"card-body\">\r\n<h4>Processeur<\/h4>\r\n<div class=\"d-flex justify-content-between feature\"><label>Famille de processeur:<\/label> <span class=\"value\">Apple<\/span><\/div>\r\n<div class=\"d-flex justify-content-between feature\"><label>Mod\u00e8le de processeur:<\/label> <span class=\"value\">A15<\/span><\/div>\r\n<div class=\"d-flex justify-content-between feature\"><label>Nombre de coeurs de processeurs:<\/label> <span class=\"value\">6<\/span><\/div>\r\n<div class=\"d-flex justify-content-between feature\"><label>Coprocesseur:<\/label> <span class=\"value\">Oui<\/span><\/div>\r\n<div class=\"d-flex justify-content-between feature\"><label>Mod\u00e8le de coprocesseur:<\/label> <span class=\"value\">Neural Engine<\/span><\/div>\r\n<div class=\"d-flex justify-content-between feature\"><label>C\u0153urs de coprocesseur:<\/label> <span class=\"value\">16<\/span><\/div>\r\n<\/div>\r\n<\/div>\r\n<div class=\"card features-group\">\r\n<div class=\"card-body\">\r\n<h4>\u00c9cran<\/h4>\r\n<div class=\"d-flex justify-content-between feature\"><label>Taille de l'\u00e9cran:<\/label> <span class=\"value\">13,7 cm (5.4\")<\/span><\/div>\r\n<div class=\"d-flex justify-content-between feature\"><label>R\u00e9solution de l'\u00e9cran:<\/label> <span class=\"value\">2340 x 1080 pixels<\/span><\/div>\r\n<div class=\"d-flex justify-content-between feature\"><label>Forme d'\u00e9cran:<\/label> <span class=\"value\">Plat<\/span><\/div>\r\n<div class=\"d-flex justify-content-between feature\"><label>Type d'\u00e9cran:<\/label> <span class=\"value\">OLED<\/span><\/div>\r\n<div class=\"d-flex justify-content-between feature\"><label>Type de verre de l'\u00e9cran:<\/label> <span class=\"value\">Ceramic Shield<\/span><\/div>\r\n<div class=\"d-flex justify-content-between feature\"><label>Taux de contraste:<\/label> <span class=\"value\">2000000:1<\/span><\/div>\r\n<div class=\"d-flex justify-content-between feature\"><label>Luminosit\u00e9 de l'\u00e9cran:<\/label> <span class=\"value\">800 cd\/m\u00b2<\/span><\/div>\r\n<div class=\"d-flex justify-content-between feature\"><label>Luminosit\u00e9 d\u2019affichage maximum (HDR):<\/label> <span class=\"value\">1200 cd\/m\u00b2<\/span><\/div>\r\n<div class=\"d-flex justify-content-between feature\"><label>Prise en charge HDR:<\/label> <span class=\"value\">Oui<\/span><\/div>\r\n<div class=\"d-flex justify-content-between feature\"><label>Technologie HDR (plage dynamique \u00e9lev\u00e9e):<\/label> <span class=\"value\">Extreme Dynamic Range (XDR), High Dynamic Range 10 (HDR10), Hybrid Log-Gamma (HLG)<\/span><\/div>\r\n<div class=\"d-flex justify-content-between feature\"><label>Densit\u00e9 en pixels:<\/label> <span class=\"value\">476 pixels par pouce<\/span><\/div>\r\n<div class=\"d-flex justify-content-between feature\"><label>R\u00e9sistant aux traces de doigts:<\/label> <span class=\"value\">Oui<\/span><\/div>\r\n<div class=\"d-flex justify-content-between feature\"><label>Coins d'\u00e9cran arrondis:<\/label> <span class=\"value\">Oui<\/span><\/div>\r\n<\/div>\r\n<\/div>\r\n<div class=\"card features-group\">\r\n<div class=\"card-body\">\r\n<h4>Connectivit\u00e9<\/h4>\r\n<div class=\"d-flex justify-content-between feature\"><label>Port USB:<\/label> <span class=\"value\">Non<\/span><\/div>\r\n<div class=\"d-flex justify-content-between feature\"><label>Casque connection:<\/label> <span class=\"value\">Lightning<\/span><\/div>\r\n<div class=\"d-flex justify-content-between feature\"><label>Connecteur Lightning:<\/label> <span class=\"value\">Oui<\/span><\/div>\r\n<\/div>\r\n<\/div>\r\n<div class=\"card features-group\">\r\n<div class=\"card-body\">\r\n<h4>Poids et dimensions<\/h4>\r\n<div class=\"d-flex justify-content-between feature\"><label>Poids:<\/label> <span class=\"value\">141 g<\/span><\/div>\r\n<div class=\"d-flex justify-content-between feature\"><label>Largeur:<\/label> <span class=\"value\">64,2 mm<\/span><\/div>\r\n<div class=\"d-flex justify-content-between feature\"><label>Profondeur:<\/label> <span class=\"value\">7,65 mm<\/span><\/div>\r\n<div class=\"d-flex justify-content-between feature\"><label>Hauteur:<\/label> <span class=\"value\">131,5 mm<\/span><\/div>\r\n<\/div>\r\n<\/div>\r\n<div class=\"card features-group\">\r\n<div class=\"card-body\">\r\n<h4>Conditions environnementales<\/h4>\r\n<div class=\"d-flex justify-content-between feature\"><label>Temp\u00e9rature d'op\u00e9ration:<\/label> <span class=\"value\">0 - 35 \u00b0C<\/span><\/div>\r\n<div class=\"d-flex justify-content-between feature\"><label>Temp\u00e9rature hors fonctionnement:<\/label> <span class=\"value\">-20 - 45 \u00b0C<\/span><\/div>\r\n<div class=\"d-flex justify-content-between feature\"><label>Humidit\u00e9 relative de fonctionnement (H-H):<\/label> <span class=\"value\">5 - 95%<\/span><\/div>\r\n<div class=\"d-flex justify-content-between feature\"><label>Altitude de fonctionnement:<\/label> <span class=\"value\">0 - 3000 m<\/span><\/div>\r\n<\/div>\r\n<\/div>\r\n<div class=\"card features-group\">\r\n<div class=\"card-body\">\r\n<h4>R\u00e9seau<\/h4>\r\n<div class=\"d-flex justify-content-between feature\"><label>Capacit\u00e9 de la carte SIM:<\/label> <span class=\"value\">Double SIM<\/span><\/div>\r\n<div class=\"d-flex justify-content-between feature\"><label>G\u00e9n\u00e9ration de r\u00e9seau mobile:<\/label> <span class=\"value\">5G<\/span><\/div>\r\n<div class=\"d-flex justify-content-between feature\"><label>Type de carte SIM:<\/label> <span class=\"value\">NanoSIM + eSIM<\/span><\/div>\r\n<div class=\"d-flex justify-content-between feature\"><label>Normes 3G:<\/label> <span class=\"value\">DC-HSDPA, HSPA+, UMTS<\/span><\/div>\r\n<div class=\"d-flex justify-content-between feature\"><label>Norme 4G:<\/label> <span class=\"value\">LTE<\/span><\/div>\r\n<div class=\"d-flex justify-content-between feature\"><label>Wifi:<\/label> <span class=\"value\">Oui<\/span><\/div>\r\n<div class=\"d-flex justify-content-between feature\"><label>Bluetooth:<\/label> <span class=\"value\">Oui<\/span><\/div>\r\n<div class=\"d-flex justify-content-between feature\"><label>Compatible VoLTE (Voice over LTE):<\/label> <span class=\"value\">Oui<\/span><\/div>\r\n<div class=\"d-flex justify-content-between feature\"><label>Standards wifi:<\/label> <span class=\"value\">Wi-Fi 6 (802.11ax)<\/span><\/div>\r\n<div class=\"d-flex justify-content-between feature\"><label>Mod\u00e8le du Bluetooth:<\/label> <span class=\"value\">5.0<\/span><\/div>\r\n<div class=\"d-flex justify-content-between feature\"><label>Temps d'antenne:<\/label> <span class=\"value\">Oui<\/span><\/div>\r\n<div class=\"d-flex justify-content-between feature\"><label>iBeacon:<\/label> <span class=\"value\">Oui<\/span><\/div>\r\n<div class=\"d-flex justify-content-between feature\"><label>MIMO (entr\u00e9es multiples, sorties multiples):<\/label> <span class=\"value\">Oui<\/span><\/div>\r\n<div class=\"d-flex justify-content-between feature\"><label>Paiement sans contact:<\/label> <span class=\"value\">Oui<\/span><\/div>\r\n<\/div>\r\n<\/div>\r\n<div class=\"card features-group\">\r\n<div class=\"card-body\">\r\n<h4>Support de stockage<\/h4>\r\n<div class=\"d-flex justify-content-between feature\"><label>Capacit\u00e9 de stockage interne:<\/label> <span class=\"value\">256 Go<\/span><\/div>\r\n<div class=\"d-flex justify-content-between feature\"><label>Cartes m\u00e9moire compatibles:<\/label> <span class=\"value\">Non pris en charge<\/span><\/div>\r\n<\/div>\r\n<\/div>\r\n<div class=\"card features-group\">\r\n<div class=\"card-body\">\r\n<h4>Messagerie<\/h4>\r\n<div class=\"d-flex justify-content-between feature\"><label>Service de message court (SMS):<\/label> <span class=\"value\">Oui<\/span><\/div>\r\n<div class=\"d-flex justify-content-between feature\"><label>MMS (Multimedia Messaging Service):<\/label> <span class=\"value\">Oui<\/span><\/div>\r\n<div class=\"d-flex justify-content-between feature\"><label>E-mail:<\/label> <span class=\"value\">Oui<\/span><\/div>\r\n<\/div>\r\n<\/div>\r\n<div class=\"card features-group\">\r\n<div class=\"card-body\">\r\n<h4>Navigation<\/h4>\r\n<div class=\"d-flex justify-content-between feature\"><label>Lieu de position:<\/label> <span class=\"value\">Oui<\/span><\/div>\r\n<div class=\"d-flex justify-content-between feature\"><label>GPS (satellite):<\/label> <span class=\"value\">Oui<\/span><\/div>\r\n<div class=\"d-flex justify-content-between feature\"><label>GLONASS:<\/label> <span class=\"value\">Oui<\/span><\/div>\r\n<div class=\"d-flex justify-content-between feature\"><label>BeiDou:<\/label> <span class=\"value\">Oui<\/span><\/div>\r\n<div class=\"d-flex justify-content-between feature\"><label>Galileo:<\/label> <span class=\"value\">Oui<\/span><\/div>\r\n<div class=\"d-flex justify-content-between feature\"><label>Syst\u00e8me QZSS (Quasi-Zenith Satellite System):<\/label> <span class=\"value\">Oui<\/span><\/div>\r\n<div class=\"d-flex justify-content-between feature\"><label>Boussole \u00e9lectronique:<\/label> <span class=\"value\">Oui<\/span><\/div>\r\n<div class=\"d-flex justify-content-between feature\"><label>Position Wi-Fi:<\/label> <span class=\"value\">Oui<\/span><\/div>\r\n<\/div>\r\n<\/div>\r\n<div class=\"card features-group\">\r\n<div class=\"card-body\">\r\n<h4>Certificat<\/h4>\r\n<div class=\"d-flex justify-content-between feature\"><label>DAS t\u00eate (UE):<\/label> <span class=\"value\">0,97 W\/kg<\/span><\/div>\r\n<div class=\"d-flex justify-content-between feature\"><label>DAS corps (UE):<\/label> <span class=\"value\">0,98 W\/kg<\/span><\/div>\r\n<div class=\"d-flex justify-content-between feature\"><label>DAS membre (UE):<\/label> <span class=\"value\">2,99 W\/kg<\/span><\/div>\r\n<\/div>\r\n<\/div>\r\n<div class=\"card features-group\">\r\n<div class=\"card-body\">\r\n<h4>Logiciel<\/h4>\r\n<div class=\"d-flex justify-content-between feature\"><label>Plateforme:<\/label> <span class=\"value\">iOS<\/span><\/div>\r\n<div class=\"d-flex justify-content-between feature\"><label>Syst\u00e8me d'exploitation install\u00e9:<\/label> <span class=\"value\">iOS 15<\/span><\/div>\r\n<div class=\"d-flex justify-content-between feature\"><label>Plateforme de distribution d'application:<\/label> <span class=\"value\">Apple App Store<\/span><\/div>\r\n<div class=\"d-flex justify-content-between feature\"><label>Assistant virtuel:<\/label> <span class=\"value\">Apple Siri<\/span><\/div>\r\n<div class=\"d-flex justify-content-between feature\"><label>Prise en charge du syst\u00e8me d'exploitation Windows:<\/label> <span class=\"value\">Oui<\/span><\/div>\r\n<div class=\"d-flex justify-content-between feature\"><label>Prise en charge du syst\u00e8me d'exploitation Mac:<\/label> <span class=\"value\">Oui<\/span><\/div>\r\n<\/div>\r\n<\/div>\r\n<div class=\"card features-group\">\r\n<div class=\"card-body\">\r\n<h4>Cam\u00e9ra<\/h4>\r\n<div class=\"d-flex justify-content-between feature\"><label>Type de cam\u00e9ra arri\u00e8re:<\/label> <span class=\"value\">Double cam\u00e9ra<\/span><\/div>\r\n<div class=\"d-flex justify-content-between feature\"><label>R\u00e9solution de la cam\u00e9ra arri\u00e8re (numerique):<\/label> <span class=\"value\">12 MP<\/span><\/div>\r\n<div class=\"d-flex justify-content-between feature\"><label>Type de cam\u00e9ra avant:<\/label> <span class=\"value\">Cam\u00e9ra unique<\/span><\/div>\r\n<div class=\"d-flex justify-content-between feature\"><label>R\u00e9solution de la cam\u00e9ra avant (numerique):<\/label> <span class=\"value\">12 MP<\/span><\/div>\r\n<div class=\"d-flex justify-content-between feature\"><label>Flash de cam\u00e9ra arri\u00e8re:<\/label> <span class=\"value\">Oui<\/span><\/div>\r\n<div class=\"d-flex justify-content-between feature\"><label>R\u00e9solution de la seconde cam\u00e9ra arri\u00e8re (num\u00e9rique):<\/label> <span class=\"value\">12 MP<\/span><\/div>\r\n<div class=\"d-flex justify-content-between feature\"><label>Num\u00e9ro d'ouverture de la cam\u00e9ra arri\u00e8re:<\/label> <span class=\"value\">2,4<\/span><\/div>\r\n<div class=\"d-flex justify-content-between feature\"><label>Num\u00e9ro d'ouverture de la seconde cam\u00e9ra arri\u00e8re:<\/label> <span class=\"value\">1,6<\/span><\/div>\r\n<div class=\"d-flex justify-content-between feature\"><label>Angle du champ de vision de cam\u00e9ra arri\u00e8re:<\/label> <span class=\"value\">120\u00b0<\/span><\/div>\r\n<div class=\"d-flex justify-content-between feature\"><label>\u00c9l\u00e9ments d\u2019optique de cam\u00e9ra arri\u00e8re:<\/label> <span class=\"value\">Lentilles \u00e0 5 \u00e9l\u00e9ments<\/span><\/div>\r\n<div class=\"d-flex justify-content-between feature\"><label>\u00c9l\u00e9ments d\u2019optique de deuxi\u00e8me cam\u00e9ra arri\u00e8re:<\/label> <span class=\"value\">Lentilles \u00e0 7 \u00e9l\u00e9ments<\/span><\/div>\r\n<div class=\"d-flex justify-content-between feature\"><label>Zoom optique:<\/label> <span class=\"value\">2x<\/span><\/div>\r\n<div class=\"d-flex justify-content-between feature\"><label>Zoom num\u00e9rique:<\/label> <span class=\"value\">5x<\/span><\/div>\r\n<div class=\"d-flex justify-content-between feature\"><label>Num\u00e9ro d'ouverture de la cam\u00e9ra avant:<\/label> <span class=\"value\">2,2<\/span><\/div>\r\n<div class=\"d-flex justify-content-between feature\"><label>R\u00e9solution de la capture vid\u00e9o:<\/label> <span class=\"value\">3840 x 2160 pixels<\/span><\/div>\r\n<div class=\"d-flex justify-content-between feature\"><label>Cadence maximale:<\/label> <span class=\"value\">240 ips<\/span><\/div>\r\n<div class=\"d-flex justify-content-between feature\"><label>R\u00e9solution en prise de vue rapide:<\/label> <span class=\"value\">1920x1080@120fps, 1920x1080@240fps, 1920x1080@30fps, 1920x1080@60fps, 3840x2160@24fps, 3840x2160@30fps, 3840x2160@60fps<\/span><\/div>\r\n<div class=\"d-flex justify-content-between feature\"><label>Modes d'enregistrement vid\u00e9o:<\/label> <span class=\"value\">720p, 1080p, 2160p<\/span><\/div>\r\n<div class=\"d-flex justify-content-between feature\"><label>Auto focus:<\/label> <span class=\"value\">Oui<\/span><\/div>\r\n<div class=\"d-flex justify-content-between feature\"><label>D\u00e9tection des visages:<\/label> <span class=\"value\">Oui<\/span><\/div>\r\n<div class=\"d-flex justify-content-between feature\"><label>Mode Intervalle de temps:<\/label> <span class=\"value\">Oui<\/span><\/div>\r\n<div class=\"d-flex justify-content-between feature\"><label>Stabilisateur vid\u00e9o:<\/label> <span class=\"value\">Oui<\/span><\/div>\r\n<div class=\"d-flex justify-content-between feature\"><label>Stabilisateur d'image:<\/label> <span class=\"value\">Oui<\/span><\/div>\r\n<div class=\"d-flex justify-content-between feature\"><label>G\u00e9olocalisation:<\/label> <span class=\"value\">Oui<\/span><\/div>\r\n<div class=\"d-flex justify-content-between feature\"><label>Multi-expositions:<\/label> <span class=\"value\">Oui<\/span><\/div>\r\n<div class=\"d-flex justify-content-between feature\"><label>Retardateur:<\/label> <span class=\"value\">Oui<\/span><\/div>\r\n<div class=\"d-flex justify-content-between feature\"><label>Mode nuit:<\/label> <span class=\"value\">Oui<\/span><\/div>\r\n<div class=\"d-flex justify-content-between feature\"><label>Panorama:<\/label> <span class=\"value\">Oui<\/span><\/div>\r\n<\/div>\r\n<\/div>\r\n<div class=\"card features-group\">\r\n<div class=\"card-body\">\r\n<h4>Contenu de l'emballage<\/h4>\r\n<div class=\"d-flex justify-content-between feature\"><label>Adaptateur secteur fourni:<\/label> <span class=\"value\">Non<\/span><\/div>\r\n<div class=\"d-flex justify-content-between feature\"><label>C\u00e2bles inclus:<\/label> <span class=\"value\">USB Type-C to Lightning<\/span><\/div>\r\n<div class=\"d-flex justify-content-between feature\"><label>Casque audio inclus:<\/label> <span class=\"value\">Non<\/span><\/div>\r\n<\/div>\r\n<\/div>\r\n<div class=\"card features-group\">\r\n<div class=\"card-body\">\r\n<h4>Batterie<\/h4>\r\n<div class=\"d-flex justify-content-between feature\"><label>Technologie batterie:<\/label> <span class=\"value\">Lithium-Ion (Li-Ion)<\/span><\/div>\r\n<div class=\"d-flex justify-content-between feature\"><label>Lecture audio en continu:<\/label> <span class=\"value\">55 h<\/span><\/div>\r\n<div class=\"d-flex justify-content-between feature\"><label>Lecture vid\u00e9o en continue:<\/label> <span class=\"value\">17 h<\/span><\/div>\r\n<\/div>\r\n<\/div>\r\n<div class=\"card features-group\">\r\n<div class=\"card-body\">\r\n<h4>Autres caract\u00e9ristiques<\/h4>\r\n<div class=\"d-flex justify-content-between feature\"><label>\u00c9cran tactile:<\/label> <span class=\"value\">Oui<\/span><\/div>\r\n<\/div>\r\n<\/div>\r\n<div class=\"card features-group\">\r\n<div class=\"card-body\">\r\n<h4>Design<\/h4>\r\n<div class=\"d-flex justify-content-between feature\"><label>Format:<\/label> <span class=\"value\">Barre<\/span><\/div>\r\n<div class=\"d-flex justify-content-between feature\"><label>Couleur du produit:<\/label> <span class=\"value\">Rose<\/span><\/div>\r\n<div class=\"d-flex justify-content-between feature\"><label>Code (IP) Internationale Protection:<\/label> <span class=\"value\">IP68<\/span><\/div>\r\n<div class=\"d-flex justify-content-between feature\"><label>Fonctions de protection:<\/label> <span class=\"value\">R\u00e9sistant \u00e0 la poussi\u00e8re, Anti-\u00e9claboussures, R\u00e9sistant \u00e0 l\u2019eau<\/span><\/div>\r\n<div class=\"d-flex justify-content-between feature\"><label>Mat\u00e9riau du bo\u00eetier\/corps:<\/label> <span class=\"value\">Aluminium, Verre<\/span><\/div>\r\n<\/div>\r\n<\/div>\r\n<div class=\"card features-group\">\r\n<div class=\"card-body\">\r\n<h4>D\u00e9tecteurs<\/h4>\r\n<div class=\"d-flex justify-content-between feature\"><label>Capteur de proximit\u00e9:<\/label> <span class=\"value\">Oui<\/span><\/div>\r\n<div class=\"d-flex justify-content-between feature\"><label>Acc\u00e9l\u00e9rom\u00e8tre:<\/label> <span class=\"value\">Oui<\/span><\/div>\r\n<div class=\"d-flex justify-content-between feature\"><label>Capteur de lumi\u00e8re ambiante:<\/label> <span class=\"value\">Oui<\/span><\/div>\r\n<div class=\"d-flex justify-content-between feature\"><label>Gyroscope:<\/label> <span class=\"value\">Oui<\/span><\/div>\r\n<div class=\"d-flex justify-content-between feature\"><label>Capteur d'orientation:<\/label> <span class=\"value\">Oui<\/span><\/div>\r\n<div class=\"d-flex justify-content-between feature\"><label>Barom\u00e8tre:<\/label> <span class=\"value\">Oui<\/span><\/div>\r\n<\/div>\r\n<\/div>\r\n<div class=\"card features-group\">\r\n<div class=\"card-body\">\r\n<h4>repr\u00e9sentation \/ r\u00e9alisation<\/h4>\r\n<div class=\"d-flex justify-content-between feature\"><label>Appel vid\u00e9o:<\/label> <span class=\"value\">Oui<\/span><\/div>\r\n<div class=\"d-flex justify-content-between feature\"><label>Charge rapide:<\/label> <span class=\"value\">Oui<\/span><\/div>\r\n<div class=\"d-flex justify-content-between feature\"><label>Recharge sans fil:<\/label> <span class=\"value\">Oui<\/span><\/div>\r\n<div class=\"d-flex justify-content-between feature\"><label>C\u0153urs d'adaptateur graphique:<\/label> <span class=\"value\">4<\/span><\/div>\r\n<div class=\"d-flex justify-content-between feature\"><label>La reconnaissance faciale:<\/label> <span class=\"value\">Oui<\/span><\/div>\r\n<div class=\"d-flex justify-content-between feature\"><label>Haut-parleur:<\/label> <span class=\"value\">Oui<\/span><\/div>\r\n<div class=\"d-flex justify-content-between feature\"><label>Num\u00e9rotation vocale:<\/label> <span class=\"value\">Oui<\/span><\/div>\r\n<div class=\"d-flex justify-content-between feature\"><label>Commandes vocales:<\/label> <span class=\"value\">Oui<\/span><\/div>\r\n<div class=\"d-flex justify-content-between feature\"><label>Compatible avec une aide auditive:<\/label> <span class=\"value\">Oui<\/span><\/div>\r\n<div class=\"d-flex justify-content-between feature\"><label>Alerte avec vibreur:<\/label> <span class=\"value\">Oui<\/span><\/div>\r\n<\/div>\r\n<\/div>\r\n<div class=\"card features-group\">\r\n<div class=\"card-body\">\r\n<h4>multim\u00e9dia<\/h4>\r\n<div class=\"d-flex justify-content-between feature\"><label>Haut-parleurs:<\/label> <span class=\"value\">St\u00e9r\u00e9o<\/span><\/div>\r\n<div class=\"d-flex justify-content-between feature\"><label>Formats audio pris en charge:<\/label> <span class=\"value\">AAC, AAC-LC, AAX, AAX+, AC3, EAC3, FLAC, HE-AAC, HE-AAC v2, MP3, PCM<\/span><\/div>\r\n<div class=\"d-flex justify-content-between feature\"><label>Format vid\u00e9o pris en charge:<\/label> <span class=\"value\">H.264, HEVC, M-JPEG, MPEG4<\/span><\/div>\r\n<\/div>\r\n<\/div>\r\n<div class=\"card features-group\">\r\n<div class=\"card-body\">\r\n<h4>Donn\u00e9es logistiques<\/h4>\r\n<div class=\"d-flex justify-content-between feature\"><label>Code du syst\u00e8me harmonis\u00e9:<\/label> <span class=\"value\">85171300<\/span><\/div>\r\n<\/div>\r\n<\/div>\r\n<div class=\"card features-group\">\r\n<div class=\"card-body\">\r\n<h4>Inscription<\/h4>\r\n<div class=\"d-flex justify-content-between feature\"><label>Type d'inscription:<\/label> <span class=\"value\">Sans forfait<\/span><\/div>\r\n<\/div>\r\n<\/div>\r\n<\/div>","protected":false},"excerpt":{"rendered":"<ul class=\"bullet-points\">\n<li>Notre double appareil photo le plus avanc\u00e9 \u00e0 ce jour<\/li>\n<li>Une solidit\u00e9 extr\u00eame d\u2019un bord \u00e0 l\u2019autre<\/li>\n<li>Une puce ultra\u2011rapide d\u00e9j\u00e0 loin devant les autres<\/li>\n<li>Une autonomie nettement am\u00e9lior\u00e9e pour booster votre quotidien<\/li>\n<\/ul>\n","protected":false},"featured_media":118117,"template":"","meta":[],"product_brand":[],"product_cat":[15],"product_tag":[],"woo-feed-brand":[],"class_list":["post-118177","product","type-product","status-publish","has-post-thumbnail","ic_product_brand-apple","product_cat-altri-prodotti","first","outofstock","shipping-taxable","purchasable","product-type-simple"],"yoast_head":"<!-- This site is optimized with the Yoast SEO plugin v28.2 - https:\/\/yoast.com\/product\/yoast-seo-wordpress\/ -->\n<title>Apple iPhone 13 Mini 256GB Pink - En plusieurs fois \ud83d\udd3d<\/title>\n<meta name=\"description\" content=\"Achetez en plusieurs fois Apple iPhone 13 Mini 256GB Pink, 0% d&#039;int\u00e9r\u00eat, livraison imm\u00e9diate, au meilleur prix. \u2b50\u2b50\u2b50\u2b50\" \/>\n<meta name=\"robots\" content=\"index, follow, max-snippet:-1, max-image-preview:large, max-video-preview:-1\" \/>\n<link rel=\"canonical\" href=\"https:\/\/minirate.ch\/fr\/p\/apple-iphone-13-mini-256gb-pink\/\" \/>\n<meta property=\"og:locale\" content=\"fr_FR\" \/>\n<meta property=\"og:type\" content=\"article\" \/>\n<meta property=\"og:title\" content=\"Apple iPhone 13 Mini 256GB Pink - En plusieurs fois \ud83d\udd3d\" \/>\n<meta property=\"og:description\" content=\"Achetez en plusieurs fois Apple iPhone 13 Mini 256GB Pink, 0% d&#039;int\u00e9r\u00eat, livraison imm\u00e9diate, au meilleur prix. \u2b50\u2b50\u2b50\u2b50\" \/>\n<meta property=\"og:url\" content=\"https:\/\/minirate.ch\/fr\/p\/apple-iphone-13-mini-256gb-pink\/\" \/>\n<meta property=\"og:site_name\" content=\"MINIRATE\" \/>\n<meta property=\"article:publisher\" content=\"https:\/\/www.facebook.com\/minirate.ch\/\" \/>\n<meta property=\"article:modified_time\" content=\"2023-11-10T12:54:09+00:00\" \/>\n<meta property=\"og:image\" content=\"https:\/\/minirate.ch\/wp-content\/uploads\/icecat-images\/93840555_0406670664.jpg\" \/>\n\t<meta property=\"og:image:width\" content=\"500\" \/>\n\t<meta property=\"og:image:height\" content=\"500\" \/>\n\t<meta property=\"og:image:type\" content=\"image\/jpeg\" \/>\n<meta name=\"twitter:card\" content=\"summary_large_image\" \/>\n<script type=\"application\/ld+json\" class=\"yoast-schema-graph\">{\"@context\":\"https:\\\/\\\/schema.org\",\"@graph\":[{\"@type\":\"WebPage\",\"@id\":\"https:\\\/\\\/minirate.ch\\\/fr\\\/p\\\/apple-iphone-13-mini-256gb-pink\\\/\",\"url\":\"https:\\\/\\\/minirate.ch\\\/fr\\\/p\\\/apple-iphone-13-mini-256gb-pink\\\/\",\"name\":\"Apple iPhone 13 Mini 256GB Pink - En plusieurs fois \ud83d\udd3d\",\"isPartOf\":{\"@id\":\"https:\\\/\\\/minirate.ch\\\/fr\\\/#website\"},\"primaryImageOfPage\":{\"@id\":\"https:\\\/\\\/minirate.ch\\\/fr\\\/p\\\/apple-iphone-13-mini-256gb-pink\\\/#primaryimage\"},\"image\":{\"@id\":\"https:\\\/\\\/minirate.ch\\\/fr\\\/p\\\/apple-iphone-13-mini-256gb-pink\\\/#primaryimage\"},\"thumbnailUrl\":\"https:\\\/\\\/minirate.ch\\\/wp-content\\\/uploads\\\/icecat-images\\\/93840555_0406670664.jpg\",\"datePublished\":\"2023-11-10T12:54:08+00:00\",\"dateModified\":\"2023-11-10T12:54:09+00:00\",\"description\":\"Achetez en plusieurs fois Apple iPhone 13 Mini 256GB Pink, 0% d'int\u00e9r\u00eat, livraison imm\u00e9diate, au meilleur prix. \u2b50\u2b50\u2b50\u2b50\",\"breadcrumb\":{\"@id\":\"https:\\\/\\\/minirate.ch\\\/fr\\\/p\\\/apple-iphone-13-mini-256gb-pink\\\/#breadcrumb\"},\"inLanguage\":\"fr-FR\",\"potentialAction\":[{\"@type\":\"ReadAction\",\"target\":[\"https:\\\/\\\/minirate.ch\\\/fr\\\/p\\\/apple-iphone-13-mini-256gb-pink\\\/\"]}]},{\"@type\":\"ImageObject\",\"inLanguage\":\"fr-FR\",\"@id\":\"https:\\\/\\\/minirate.ch\\\/fr\\\/p\\\/apple-iphone-13-mini-256gb-pink\\\/#primaryimage\",\"url\":\"https:\\\/\\\/minirate.ch\\\/wp-content\\\/uploads\\\/icecat-images\\\/93840555_0406670664.jpg\",\"contentUrl\":\"https:\\\/\\\/minirate.ch\\\/wp-content\\\/uploads\\\/icecat-images\\\/93840555_0406670664.jpg\",\"width\":500,\"height\":500},{\"@type\":\"BreadcrumbList\",\"@id\":\"https:\\\/\\\/minirate.ch\\\/fr\\\/p\\\/apple-iphone-13-mini-256gb-pink\\\/#breadcrumb\",\"itemListElement\":[{\"@type\":\"ListItem\",\"position\":1,\"name\":\"Home\",\"item\":\"https:\\\/\\\/minirate.ch\\\/fr\\\/home\\\/\"},{\"@type\":\"ListItem\",\"position\":2,\"name\":\"Shop - FRA\",\"item\":\"https:\\\/\\\/minirate.ch\\\/fr\\\/shop-fra\\\/\"},{\"@type\":\"ListItem\",\"position\":3,\"name\":\"Apple iPhone 13 Mini 256GB Pink\"}]},{\"@type\":\"WebSite\",\"@id\":\"https:\\\/\\\/minirate.ch\\\/fr\\\/#website\",\"url\":\"https:\\\/\\\/minirate.ch\\\/fr\\\/\",\"name\":\"Minirate\",\"description\":\"Le meilleur de la technologie en plusieurs versements, pour tous!\",\"publisher\":{\"@id\":\"https:\\\/\\\/minirate.ch\\\/fr\\\/#organization\"},\"potentialAction\":[{\"@type\":\"SearchAction\",\"target\":{\"@type\":\"EntryPoint\",\"urlTemplate\":\"https:\\\/\\\/minirate.ch\\\/fr\\\/?s={search_term_string}\"},\"query-input\":{\"@type\":\"PropertyValueSpecification\",\"valueRequired\":true,\"valueName\":\"search_term_string\"}}],\"inLanguage\":\"fr-FR\"},{\"@type\":\"Organization\",\"@id\":\"https:\\\/\\\/minirate.ch\\\/fr\\\/#organization\",\"name\":\"Minirate\",\"url\":\"https:\\\/\\\/minirate.ch\\\/fr\\\/\",\"logo\":{\"@type\":\"ImageObject\",\"inLanguage\":\"fr-FR\",\"@id\":\"https:\\\/\\\/minirate.ch\\\/fr\\\/#\\\/schema\\\/logo\\\/image\\\/\",\"url\":\"https:\\\/\\\/minirate.ch\\\/wp-content\\\/uploads\\\/2023\\\/09\\\/MINIRATE-logo-2023.png\",\"contentUrl\":\"https:\\\/\\\/minirate.ch\\\/wp-content\\\/uploads\\\/2023\\\/09\\\/MINIRATE-logo-2023.png\",\"width\":400,\"height\":150,\"caption\":\"Minirate\"},\"image\":{\"@id\":\"https:\\\/\\\/minirate.ch\\\/fr\\\/#\\\/schema\\\/logo\\\/image\\\/\"},\"sameAs\":[\"https:\\\/\\\/www.facebook.com\\\/minirate.ch\\\/\"]}]}<\/script>\n<!-- \/ Yoast SEO plugin. -->","yoast_head_json":{"title":"Apple iPhone 13 Mini 256GB Pink - En plusieurs fois \ud83d\udd3d","description":"Achetez en plusieurs fois Apple iPhone 13 Mini 256GB Pink, 0% d'int\u00e9r\u00eat, livraison imm\u00e9diate, au meilleur prix. \u2b50\u2b50\u2b50\u2b50","robots":{"index":"index","follow":"follow","max-snippet":"max-snippet:-1","max-image-preview":"max-image-preview:large","max-video-preview":"max-video-preview:-1"},"canonical":"https:\/\/minirate.ch\/fr\/p\/apple-iphone-13-mini-256gb-pink\/","og_locale":"fr_FR","og_type":"article","og_title":"Apple iPhone 13 Mini 256GB Pink - En plusieurs fois \ud83d\udd3d","og_description":"Achetez en plusieurs fois Apple iPhone 13 Mini 256GB Pink, 0% d'int\u00e9r\u00eat, livraison imm\u00e9diate, au meilleur prix. \u2b50\u2b50\u2b50\u2b50","og_url":"https:\/\/minirate.ch\/fr\/p\/apple-iphone-13-mini-256gb-pink\/","og_site_name":"MINIRATE","article_publisher":"https:\/\/www.facebook.com\/minirate.ch\/","article_modified_time":"2023-11-10T12:54:09+00:00","og_image":[{"width":500,"height":500,"url":"https:\/\/minirate.ch\/wp-content\/uploads\/icecat-images\/93840555_0406670664.jpg","type":"image\/jpeg"}],"twitter_card":"summary_large_image","schema":{"@context":"https:\/\/schema.org","@graph":[{"@type":"WebPage","@id":"https:\/\/minirate.ch\/fr\/p\/apple-iphone-13-mini-256gb-pink\/","url":"https:\/\/minirate.ch\/fr\/p\/apple-iphone-13-mini-256gb-pink\/","name":"Apple iPhone 13 Mini 256GB Pink - En plusieurs fois \ud83d\udd3d","isPartOf":{"@id":"https:\/\/minirate.ch\/fr\/#website"},"primaryImageOfPage":{"@id":"https:\/\/minirate.ch\/fr\/p\/apple-iphone-13-mini-256gb-pink\/#primaryimage"},"image":{"@id":"https:\/\/minirate.ch\/fr\/p\/apple-iphone-13-mini-256gb-pink\/#primaryimage"},"thumbnailUrl":"https:\/\/minirate.ch\/wp-content\/uploads\/icecat-images\/93840555_0406670664.jpg","datePublished":"2023-11-10T12:54:08+00:00","dateModified":"2023-11-10T12:54:09+00:00","description":"Achetez en plusieurs fois Apple iPhone 13 Mini 256GB Pink, 0% d'int\u00e9r\u00eat, livraison imm\u00e9diate, au meilleur prix. \u2b50\u2b50\u2b50\u2b50","breadcrumb":{"@id":"https:\/\/minirate.ch\/fr\/p\/apple-iphone-13-mini-256gb-pink\/#breadcrumb"},"inLanguage":"fr-FR","potentialAction":[{"@type":"ReadAction","target":["https:\/\/minirate.ch\/fr\/p\/apple-iphone-13-mini-256gb-pink\/"]}]},{"@type":"ImageObject","inLanguage":"fr-FR","@id":"https:\/\/minirate.ch\/fr\/p\/apple-iphone-13-mini-256gb-pink\/#primaryimage","url":"https:\/\/minirate.ch\/wp-content\/uploads\/icecat-images\/93840555_0406670664.jpg","contentUrl":"https:\/\/minirate.ch\/wp-content\/uploads\/icecat-images\/93840555_0406670664.jpg","width":500,"height":500},{"@type":"BreadcrumbList","@id":"https:\/\/minirate.ch\/fr\/p\/apple-iphone-13-mini-256gb-pink\/#breadcrumb","itemListElement":[{"@type":"ListItem","position":1,"name":"Home","item":"https:\/\/minirate.ch\/fr\/home\/"},{"@type":"ListItem","position":2,"name":"Shop - FRA","item":"https:\/\/minirate.ch\/fr\/shop-fra\/"},{"@type":"ListItem","position":3,"name":"Apple iPhone 13 Mini 256GB Pink"}]},{"@type":"WebSite","@id":"https:\/\/minirate.ch\/fr\/#website","url":"https:\/\/minirate.ch\/fr\/","name":"Minirate","description":"Le meilleur de la technologie en plusieurs versements, pour tous!","publisher":{"@id":"https:\/\/minirate.ch\/fr\/#organization"},"potentialAction":[{"@type":"SearchAction","target":{"@type":"EntryPoint","urlTemplate":"https:\/\/minirate.ch\/fr\/?s={search_term_string}"},"query-input":{"@type":"PropertyValueSpecification","valueRequired":true,"valueName":"search_term_string"}}],"inLanguage":"fr-FR"},{"@type":"Organization","@id":"https:\/\/minirate.ch\/fr\/#organization","name":"Minirate","url":"https:\/\/minirate.ch\/fr\/","logo":{"@type":"ImageObject","inLanguage":"fr-FR","@id":"https:\/\/minirate.ch\/fr\/#\/schema\/logo\/image\/","url":"https:\/\/minirate.ch\/wp-content\/uploads\/2023\/09\/MINIRATE-logo-2023.png","contentUrl":"https:\/\/minirate.ch\/wp-content\/uploads\/2023\/09\/MINIRATE-logo-2023.png","width":400,"height":150,"caption":"Minirate"},"image":{"@id":"https:\/\/minirate.ch\/fr\/#\/schema\/logo\/image\/"},"sameAs":["https:\/\/www.facebook.com\/minirate.ch\/"]}]}},"_links":{"self":[{"href":"https:\/\/minirate.ch\/fr\/wp-json\/wp\/v2\/product\/118177","targetHints":{"allow":["GET"]}}],"collection":[{"href":"https:\/\/minirate.ch\/fr\/wp-json\/wp\/v2\/product"}],"about":[{"href":"https:\/\/minirate.ch\/fr\/wp-json\/wp\/v2\/types\/product"}],"wp:featuredmedia":[{"embeddable":true,"href":"https:\/\/minirate.ch\/fr\/wp-json\/wp\/v2\/media\/118117"}],"wp:attachment":[{"href":"https:\/\/minirate.ch\/fr\/wp-json\/wp\/v2\/media?parent=118177"}],"wp:term":[{"taxonomy":"product_brand","embeddable":true,"href":"https:\/\/minirate.ch\/fr\/wp-json\/wp\/v2\/product_brand?post=118177"},{"taxonomy":"product_cat","embeddable":true,"href":"https:\/\/minirate.ch\/fr\/wp-json\/wp\/v2\/product_cat?post=118177"},{"taxonomy":"product_tag","embeddable":true,"href":"https:\/\/minirate.ch\/fr\/wp-json\/wp\/v2\/product_tag?post=118177"},{"taxonomy":"woo-feed-brand","embeddable":true,"href":"https:\/\/minirate.ch\/fr\/wp-json\/wp\/v2\/woo-feed-brand?post=118177"}],"curies":[{"name":"wp","href":"https:\/\/api.w.org\/{rel}","templated":true}]}}