{"id":336482,"date":"2026-05-18T13:50:43","date_gmt":"2026-05-18T11:50:43","guid":{"rendered":"https:\/\/minirate.ch\/?post_type=product&#038;p=336482"},"modified":"2026-05-18T13:50:45","modified_gmt":"2026-05-18T11:50:45","slug":"beko-seche-linge-tr218c-8kg-c-white","status":"publish","type":"product","link":"https:\/\/minirate.ch\/fr\/p\/beko-seche-linge-tr218c-8kg-c-white\/","title":{"rendered":"Beko s\u00e8che-linge TR218C, 8kg, C &#8211; White"},"content":{"rendered":"<p>Beko TR218C. Placement de l&#8217;appareil: Pose libre, Type de chargement: Charge avant, Syst\u00e8me de s\u00e9chage: Pompe \u00e0 chaleur. Capacit\u00e9 nominale: 8 kg, Classe d&#8217;efficacit\u00e9 de la condensation: C, Programmes de s\u00e9chage: Synth\u00e9tiques, Coton, Mix, Serviette, Plein air\/sport, Rafra\u00eechir, Soins tout en douceur,&#8230;. Classe d&#8217;efficacit\u00e9 \u00e9nerg\u00e9tique: C, Consommation d&#8217;\u00e9nergie pour 100 cycles: 102 kWh, Consommation annuelle d&#8217;\u00e9nergie: 186,6 kWh. Technologies Beko (soins du linge): OptiSense, GentleCare, Alv\u00e9oles. Profondeur: 607 mm, Largeur: 598 mm, Hauteur: 846 mm<\/p>\n<h2>Scheda tecnica<\/h2><div class=\"card-columns\">\r\n<div class=\"card features-group\">\r\n<div class=\"card-body\">\r\n<h4>Poids et dimensions<\/h4>\r\n<div class=\"d-flex justify-content-between feature\"><label>Profondeur:<\/label> <span class=\"value\">607 mm<\/span><\/div>\r\n<div class=\"d-flex justify-content-between feature\"><label>Largeur:<\/label> <span class=\"value\">598 mm<\/span><\/div>\r\n<div class=\"d-flex justify-content-between feature\"><label>Hauteur:<\/label> <span class=\"value\">846 mm<\/span><\/div>\r\n<div class=\"d-flex justify-content-between feature\"><label>Poids:<\/label> <span class=\"value\">41 kg<\/span><\/div>\r\n<\/div>\r\n<\/div>\r\n<div class=\"card features-group\">\r\n<div class=\"card-body\">\r\n<h4>Puissance<\/h4>\r\n<div class=\"d-flex justify-content-between feature\"><label>Classe d'efficacit\u00e9 \u00e9nerg\u00e9tique:<\/label> <span class=\"value\">C<\/span><\/div>\r\n<div class=\"d-flex justify-content-between feature\"><label>Consommation d'\u00e9nergie pour 100 cycles:<\/label> <span class=\"value\">102 kWh<\/span><\/div>\r\n<div class=\"d-flex justify-content-between feature\"><label>Consommation annuelle d'\u00e9nergie:<\/label> <span class=\"value\">186,6 kWh<\/span><\/div>\r\n<div class=\"d-flex justify-content-between feature\"><label>Source de chaleur:<\/label> <span class=\"value\">Electrique<\/span><\/div>\r\n<div class=\"d-flex justify-content-between feature\"><label>Tension d'entr\u00e9e AC:<\/label> <span class=\"value\">230 - 240 V<\/span><\/div>\r\n<div class=\"d-flex justify-content-between feature\"><label>Fr\u00e9quence d'entr\u00e9e AC:<\/label> <span class=\"value\">50 Hz<\/span><\/div>\r\n<\/div>\r\n<\/div>\r\n<div class=\"card features-group\">\r\n<div class=\"card-body\">\r\n<h4>Informations sur l'emballage<\/h4>\r\n<div class=\"d-flex justify-content-between feature\"><label>Largeur du colis:<\/label> <span class=\"value\">650 mm<\/span><\/div>\r\n<div class=\"d-flex justify-content-between feature\"><label>Profondeur du colis:<\/label> <span class=\"value\">630 mm<\/span><\/div>\r\n<div class=\"d-flex justify-content-between feature\"><label>Hauteur du colis:<\/label> <span class=\"value\">885 mm<\/span><\/div>\r\n<div class=\"d-flex justify-content-between feature\"><label>Poids du paquet:<\/label> <span class=\"value\">42 kg<\/span><\/div>\r\n<\/div>\r\n<\/div>\r\n<div class=\"card features-group\">\r\n<div class=\"card-body\">\r\n<h4>Caract\u00e9ristiques sp\u00e9ciales<\/h4>\r\n<div class=\"d-flex justify-content-between feature\"><label>Technologies Beko (soins du linge):<\/label> <span class=\"value\">OptiSense, GentleCare, Alv\u00e9oles<\/span><\/div>\r\n<\/div>\r\n<\/div>\r\n<div class=\"card features-group\">\r\n<div class=\"card-body\">\r\n<h4>Design<\/h4>\r\n<div class=\"d-flex justify-content-between feature\"><label>Placement de l'appareil:<\/label> <span class=\"value\">Pose libre<\/span><\/div>\r\n<div class=\"d-flex justify-content-between feature\"><label>Type de chargement:<\/label> <span class=\"value\">Charge avant<\/span><\/div>\r\n<div class=\"d-flex justify-content-between feature\"><label>Syst\u00e8me de s\u00e9chage:<\/label> <span class=\"value\">Pompe \u00e0 chaleur<\/span><\/div>\r\n<div class=\"d-flex justify-content-between feature\"><label>Couleur du produit:<\/label> <span class=\"value\">Blanc<\/span><\/div>\r\n<div class=\"d-flex justify-content-between feature\"><label>Portes r\u00e9versibles:<\/label> <span class=\"value\">Non<\/span><\/div>\r\n<div class=\"d-flex justify-content-between feature\"><label>Type de commande:<\/label> <span class=\"value\">Rotatif, Boutons<\/span><\/div>\r\n<div class=\"d-flex justify-content-between feature\"><label>\u00c9cran integr\u00e9:<\/label> <span class=\"value\">Oui<\/span><\/div>\r\n<div class=\"d-flex justify-content-between feature\"><label>Emplacement charni\u00e8re de porte:<\/label> <span class=\"value\">Droite<\/span><\/div>\r\n<div class=\"d-flex justify-content-between feature\"><label>Style de porte:<\/label> <span class=\"value\">Hublot<\/span><\/div>\r\n<div class=\"d-flex justify-content-between feature\"><label>Mat\u00e9riau du tambour:<\/label> <span class=\"value\">Acier inoxydable<\/span><\/div>\r\n<\/div>\r\n<\/div>\r\n<div class=\"card features-group\">\r\n<div class=\"card-body\">\r\n<h4>repr\u00e9sentation \/ r\u00e9alisation<\/h4>\r\n<div class=\"d-flex justify-content-between feature\"><label>Capacit\u00e9 nominale:<\/label> <span class=\"value\">8 kg<\/span><\/div>\r\n<div class=\"d-flex justify-content-between feature\"><label>Classe d'efficacit\u00e9 de la condensation:<\/label> <span class=\"value\">C<\/span><\/div>\r\n<div class=\"d-flex justify-content-between feature\"><label>Programmes de s\u00e9chage:<\/label> <span class=\"value\">Synth\u00e9tiques, Coton, Mix, Serviette, Plein air\/sport, Rafra\u00eechir, Soins tout en douceur, Doublure\/duvet, Jeans\/denim, Shirts 30min, Hygienic drying<\/span><\/div>\r\n<div class=\"d-flex justify-content-between feature\"><label>Dur\u00e9e de cycle:<\/label> <span class=\"value\">179 min<\/span><\/div>\r\n<div class=\"d-flex justify-content-between feature\"><label>Classe d'\u00e9mission sonore:<\/label> <span class=\"value\">B<\/span><\/div>\r\n<div class=\"d-flex justify-content-between feature\"><label>Niveau sonore:<\/label> <span class=\"value\">64 dB<\/span><\/div>\r\n<div class=\"d-flex justify-content-between feature\"><label>Quantit\u00e9 de programmes de s\u00e9chage:<\/label> <span class=\"value\">15<\/span><\/div>\r\n<\/div>\r\n<\/div>\r\n<\/div>","protected":false},"excerpt":{"rendered":"<p>Beko TR218C, Pose libre, Charge avant, Pompe \u00e0 chaleur, Blanc, Rotatif, Boutons, Droite<\/p>\n","protected":false},"featured_media":336451,"template":"","meta":[],"product_brand":[],"product_cat":[649,648],"product_tag":[],"woo-feed-brand":[],"class_list":["post-336482","product","type-product","status-publish","has-post-thumbnail","product_cat-seches-linge","product_cat-electromenagers-plusieurs-fois","first","instock","shipping-taxable","purchasable","product-type-simple"],"yoast_head":"<!-- This site is optimized with the Yoast SEO plugin v28.2 - https:\/\/yoast.com\/product\/yoast-seo-wordpress\/ -->\n<title>Beko s\u00e8che-linge TR218C, 8kg, C - White - En plusieurs fois \ud83d\udd3d<\/title>\n<meta name=\"description\" content=\"Achetez en plusieurs fois Beko s\u00e8che-linge TR218C, 8kg, C - White, 0% d&#039;int\u00e9r\u00eat, livraison imm\u00e9diate, au meilleur prix. \u2b50\u2b50\u2b50\u2b50\" \/>\n<meta name=\"robots\" content=\"index, follow, max-snippet:-1, max-image-preview:large, max-video-preview:-1\" \/>\n<link rel=\"canonical\" href=\"https:\/\/minirate.ch\/fr\/p\/beko-seche-linge-tr218c-8kg-c-white\/\" \/>\n<meta property=\"og:locale\" content=\"fr_FR\" \/>\n<meta property=\"og:type\" content=\"article\" \/>\n<meta property=\"og:title\" content=\"Beko s\u00e8che-linge TR218C, 8kg, C - White - En plusieurs fois \ud83d\udd3d\" \/>\n<meta property=\"og:description\" content=\"Achetez en plusieurs fois Beko s\u00e8che-linge TR218C, 8kg, C - White, 0% d&#039;int\u00e9r\u00eat, livraison imm\u00e9diate, au meilleur prix. \u2b50\u2b50\u2b50\u2b50\" \/>\n<meta property=\"og:url\" content=\"https:\/\/minirate.ch\/fr\/p\/beko-seche-linge-tr218c-8kg-c-white\/\" \/>\n<meta property=\"og:site_name\" content=\"MINIRATE\" \/>\n<meta property=\"article:publisher\" content=\"https:\/\/www.facebook.com\/minirate.ch\/\" \/>\n<meta property=\"article:modified_time\" content=\"2026-05-18T11:50:45+00:00\" \/>\n<meta property=\"og:image\" content=\"https:\/\/minirate.ch\/wp-content\/uploads\/icecat-images\/bced891820adba0c976ec4701e8a90a384acc9b9.jpg\" \/>\n\t<meta property=\"og:image:width\" content=\"350\" \/>\n\t<meta property=\"og:image:height\" content=\"500\" \/>\n\t<meta property=\"og:image:type\" content=\"image\/jpeg\" \/>\n<meta name=\"twitter:card\" content=\"summary_large_image\" \/>\n<script type=\"application\/ld+json\" class=\"yoast-schema-graph\">{\"@context\":\"https:\\\/\\\/schema.org\",\"@graph\":[{\"@type\":\"WebPage\",\"@id\":\"https:\\\/\\\/minirate.ch\\\/fr\\\/p\\\/beko-seche-linge-tr218c-8kg-c-white\\\/\",\"url\":\"https:\\\/\\\/minirate.ch\\\/fr\\\/p\\\/beko-seche-linge-tr218c-8kg-c-white\\\/\",\"name\":\"Beko s\u00e8che-linge TR218C, 8kg, C - White - En plusieurs fois \ud83d\udd3d\",\"isPartOf\":{\"@id\":\"https:\\\/\\\/minirate.ch\\\/fr\\\/#website\"},\"primaryImageOfPage\":{\"@id\":\"https:\\\/\\\/minirate.ch\\\/fr\\\/p\\\/beko-seche-linge-tr218c-8kg-c-white\\\/#primaryimage\"},\"image\":{\"@id\":\"https:\\\/\\\/minirate.ch\\\/fr\\\/p\\\/beko-seche-linge-tr218c-8kg-c-white\\\/#primaryimage\"},\"thumbnailUrl\":\"https:\\\/\\\/minirate.ch\\\/wp-content\\\/uploads\\\/icecat-images\\\/bced891820adba0c976ec4701e8a90a384acc9b9.jpg\",\"datePublished\":\"2026-05-18T11:50:43+00:00\",\"dateModified\":\"2026-05-18T11:50:45+00:00\",\"description\":\"Achetez en plusieurs fois Beko s\u00e8che-linge TR218C, 8kg, C - White, 0% d'int\u00e9r\u00eat, livraison imm\u00e9diate, au meilleur prix. \u2b50\u2b50\u2b50\u2b50\",\"breadcrumb\":{\"@id\":\"https:\\\/\\\/minirate.ch\\\/fr\\\/p\\\/beko-seche-linge-tr218c-8kg-c-white\\\/#breadcrumb\"},\"inLanguage\":\"fr-FR\",\"potentialAction\":[{\"@type\":\"ReadAction\",\"target\":[\"https:\\\/\\\/minirate.ch\\\/fr\\\/p\\\/beko-seche-linge-tr218c-8kg-c-white\\\/\"]}]},{\"@type\":\"ImageObject\",\"inLanguage\":\"fr-FR\",\"@id\":\"https:\\\/\\\/minirate.ch\\\/fr\\\/p\\\/beko-seche-linge-tr218c-8kg-c-white\\\/#primaryimage\",\"url\":\"https:\\\/\\\/minirate.ch\\\/wp-content\\\/uploads\\\/icecat-images\\\/bced891820adba0c976ec4701e8a90a384acc9b9.jpg\",\"contentUrl\":\"https:\\\/\\\/minirate.ch\\\/wp-content\\\/uploads\\\/icecat-images\\\/bced891820adba0c976ec4701e8a90a384acc9b9.jpg\",\"width\":350,\"height\":500},{\"@type\":\"BreadcrumbList\",\"@id\":\"https:\\\/\\\/minirate.ch\\\/fr\\\/p\\\/beko-seche-linge-tr218c-8kg-c-white\\\/#breadcrumb\",\"itemListElement\":[{\"@type\":\"ListItem\",\"position\":1,\"name\":\"Home\",\"item\":\"https:\\\/\\\/minirate.ch\\\/fr\\\/home\\\/\"},{\"@type\":\"ListItem\",\"position\":2,\"name\":\"Shop - FRA\",\"item\":\"https:\\\/\\\/minirate.ch\\\/fr\\\/shop-fra\\\/\"},{\"@type\":\"ListItem\",\"position\":3,\"name\":\"Beko s\u00e8che-linge TR218C, 8kg, C &#8211; White\"}]},{\"@type\":\"WebSite\",\"@id\":\"https:\\\/\\\/minirate.ch\\\/fr\\\/#website\",\"url\":\"https:\\\/\\\/minirate.ch\\\/fr\\\/\",\"name\":\"Minirate\",\"description\":\"Le meilleur de la technologie en plusieurs versements, pour tous!\",\"publisher\":{\"@id\":\"https:\\\/\\\/minirate.ch\\\/fr\\\/#organization\"},\"potentialAction\":[{\"@type\":\"SearchAction\",\"target\":{\"@type\":\"EntryPoint\",\"urlTemplate\":\"https:\\\/\\\/minirate.ch\\\/fr\\\/?s={search_term_string}\"},\"query-input\":{\"@type\":\"PropertyValueSpecification\",\"valueRequired\":true,\"valueName\":\"search_term_string\"}}],\"inLanguage\":\"fr-FR\"},{\"@type\":\"Organization\",\"@id\":\"https:\\\/\\\/minirate.ch\\\/fr\\\/#organization\",\"name\":\"Minirate\",\"url\":\"https:\\\/\\\/minirate.ch\\\/fr\\\/\",\"logo\":{\"@type\":\"ImageObject\",\"inLanguage\":\"fr-FR\",\"@id\":\"https:\\\/\\\/minirate.ch\\\/fr\\\/#\\\/schema\\\/logo\\\/image\\\/\",\"url\":\"https:\\\/\\\/minirate.ch\\\/wp-content\\\/uploads\\\/2023\\\/09\\\/MINIRATE-logo-2023.png\",\"contentUrl\":\"https:\\\/\\\/minirate.ch\\\/wp-content\\\/uploads\\\/2023\\\/09\\\/MINIRATE-logo-2023.png\",\"width\":400,\"height\":150,\"caption\":\"Minirate\"},\"image\":{\"@id\":\"https:\\\/\\\/minirate.ch\\\/fr\\\/#\\\/schema\\\/logo\\\/image\\\/\"},\"sameAs\":[\"https:\\\/\\\/www.facebook.com\\\/minirate.ch\\\/\"]}]}<\/script>\n<!-- \/ Yoast SEO plugin. -->","yoast_head_json":{"title":"Beko s\u00e8che-linge TR218C, 8kg, C - White - En plusieurs fois \ud83d\udd3d","description":"Achetez en plusieurs fois Beko s\u00e8che-linge TR218C, 8kg, C - White, 0% d'int\u00e9r\u00eat, livraison imm\u00e9diate, au meilleur prix. \u2b50\u2b50\u2b50\u2b50","robots":{"index":"index","follow":"follow","max-snippet":"max-snippet:-1","max-image-preview":"max-image-preview:large","max-video-preview":"max-video-preview:-1"},"canonical":"https:\/\/minirate.ch\/fr\/p\/beko-seche-linge-tr218c-8kg-c-white\/","og_locale":"fr_FR","og_type":"article","og_title":"Beko s\u00e8che-linge TR218C, 8kg, C - White - En plusieurs fois \ud83d\udd3d","og_description":"Achetez en plusieurs fois Beko s\u00e8che-linge TR218C, 8kg, C - White, 0% d'int\u00e9r\u00eat, livraison imm\u00e9diate, au meilleur prix. \u2b50\u2b50\u2b50\u2b50","og_url":"https:\/\/minirate.ch\/fr\/p\/beko-seche-linge-tr218c-8kg-c-white\/","og_site_name":"MINIRATE","article_publisher":"https:\/\/www.facebook.com\/minirate.ch\/","article_modified_time":"2026-05-18T11:50:45+00:00","og_image":[{"width":350,"height":500,"url":"https:\/\/minirate.ch\/wp-content\/uploads\/icecat-images\/bced891820adba0c976ec4701e8a90a384acc9b9.jpg","type":"image\/jpeg"}],"twitter_card":"summary_large_image","schema":{"@context":"https:\/\/schema.org","@graph":[{"@type":"WebPage","@id":"https:\/\/minirate.ch\/fr\/p\/beko-seche-linge-tr218c-8kg-c-white\/","url":"https:\/\/minirate.ch\/fr\/p\/beko-seche-linge-tr218c-8kg-c-white\/","name":"Beko s\u00e8che-linge TR218C, 8kg, C - White - En plusieurs fois \ud83d\udd3d","isPartOf":{"@id":"https:\/\/minirate.ch\/fr\/#website"},"primaryImageOfPage":{"@id":"https:\/\/minirate.ch\/fr\/p\/beko-seche-linge-tr218c-8kg-c-white\/#primaryimage"},"image":{"@id":"https:\/\/minirate.ch\/fr\/p\/beko-seche-linge-tr218c-8kg-c-white\/#primaryimage"},"thumbnailUrl":"https:\/\/minirate.ch\/wp-content\/uploads\/icecat-images\/bced891820adba0c976ec4701e8a90a384acc9b9.jpg","datePublished":"2026-05-18T11:50:43+00:00","dateModified":"2026-05-18T11:50:45+00:00","description":"Achetez en plusieurs fois Beko s\u00e8che-linge TR218C, 8kg, C - White, 0% d'int\u00e9r\u00eat, livraison imm\u00e9diate, au meilleur prix. \u2b50\u2b50\u2b50\u2b50","breadcrumb":{"@id":"https:\/\/minirate.ch\/fr\/p\/beko-seche-linge-tr218c-8kg-c-white\/#breadcrumb"},"inLanguage":"fr-FR","potentialAction":[{"@type":"ReadAction","target":["https:\/\/minirate.ch\/fr\/p\/beko-seche-linge-tr218c-8kg-c-white\/"]}]},{"@type":"ImageObject","inLanguage":"fr-FR","@id":"https:\/\/minirate.ch\/fr\/p\/beko-seche-linge-tr218c-8kg-c-white\/#primaryimage","url":"https:\/\/minirate.ch\/wp-content\/uploads\/icecat-images\/bced891820adba0c976ec4701e8a90a384acc9b9.jpg","contentUrl":"https:\/\/minirate.ch\/wp-content\/uploads\/icecat-images\/bced891820adba0c976ec4701e8a90a384acc9b9.jpg","width":350,"height":500},{"@type":"BreadcrumbList","@id":"https:\/\/minirate.ch\/fr\/p\/beko-seche-linge-tr218c-8kg-c-white\/#breadcrumb","itemListElement":[{"@type":"ListItem","position":1,"name":"Home","item":"https:\/\/minirate.ch\/fr\/home\/"},{"@type":"ListItem","position":2,"name":"Shop - FRA","item":"https:\/\/minirate.ch\/fr\/shop-fra\/"},{"@type":"ListItem","position":3,"name":"Beko s\u00e8che-linge TR218C, 8kg, C &#8211; White"}]},{"@type":"WebSite","@id":"https:\/\/minirate.ch\/fr\/#website","url":"https:\/\/minirate.ch\/fr\/","name":"Minirate","description":"Le meilleur de la technologie en plusieurs versements, pour tous!","publisher":{"@id":"https:\/\/minirate.ch\/fr\/#organization"},"potentialAction":[{"@type":"SearchAction","target":{"@type":"EntryPoint","urlTemplate":"https:\/\/minirate.ch\/fr\/?s={search_term_string}"},"query-input":{"@type":"PropertyValueSpecification","valueRequired":true,"valueName":"search_term_string"}}],"inLanguage":"fr-FR"},{"@type":"Organization","@id":"https:\/\/minirate.ch\/fr\/#organization","name":"Minirate","url":"https:\/\/minirate.ch\/fr\/","logo":{"@type":"ImageObject","inLanguage":"fr-FR","@id":"https:\/\/minirate.ch\/fr\/#\/schema\/logo\/image\/","url":"https:\/\/minirate.ch\/wp-content\/uploads\/2023\/09\/MINIRATE-logo-2023.png","contentUrl":"https:\/\/minirate.ch\/wp-content\/uploads\/2023\/09\/MINIRATE-logo-2023.png","width":400,"height":150,"caption":"Minirate"},"image":{"@id":"https:\/\/minirate.ch\/fr\/#\/schema\/logo\/image\/"},"sameAs":["https:\/\/www.facebook.com\/minirate.ch\/"]}]}},"_links":{"self":[{"href":"https:\/\/minirate.ch\/fr\/wp-json\/wp\/v2\/product\/336482","targetHints":{"allow":["GET"]}}],"collection":[{"href":"https:\/\/minirate.ch\/fr\/wp-json\/wp\/v2\/product"}],"about":[{"href":"https:\/\/minirate.ch\/fr\/wp-json\/wp\/v2\/types\/product"}],"wp:featuredmedia":[{"embeddable":true,"href":"https:\/\/minirate.ch\/fr\/wp-json\/wp\/v2\/media\/336451"}],"wp:attachment":[{"href":"https:\/\/minirate.ch\/fr\/wp-json\/wp\/v2\/media?parent=336482"}],"wp:term":[{"taxonomy":"product_brand","embeddable":true,"href":"https:\/\/minirate.ch\/fr\/wp-json\/wp\/v2\/product_brand?post=336482"},{"taxonomy":"product_cat","embeddable":true,"href":"https:\/\/minirate.ch\/fr\/wp-json\/wp\/v2\/product_cat?post=336482"},{"taxonomy":"product_tag","embeddable":true,"href":"https:\/\/minirate.ch\/fr\/wp-json\/wp\/v2\/product_tag?post=336482"},{"taxonomy":"woo-feed-brand","embeddable":true,"href":"https:\/\/minirate.ch\/fr\/wp-json\/wp\/v2\/woo-feed-brand?post=336482"}],"curies":[{"name":"wp","href":"https:\/\/api.w.org\/{rel}","templated":true}]}}